{"id":3013,"date":"2024-06-11T22:13:21","date_gmt":"2024-06-11T20:13:21","guid":{"rendered":"https:\/\/ec4rural.webs.uvigo.gal\/vilasantar\/"},"modified":"2024-07-05T14:14:06","modified_gmt":"2024-07-05T12:14:06","slug":"vilasantar","status":"publish","type":"page","link":"https:\/\/ec4rural.webs.uvigo.gal\/gl\/vilasantar\/","title":{"rendered":"Vilasantar"},"content":{"rendered":"<p><div class=\"fusion-fullwidth fullwidth-box fusion-builder-row-1 fusion-flex-container has-pattern-background has-mask-background nonhundred-percent-fullwidth non-hundred-percent-height-scrolling\" style=\"--awb-border-radius-top-left:0px;--awb-border-radius-top-right:0px;--awb-border-radius-bottom-right:0px;--awb-border-radius-bottom-left:0px;--awb-padding-top:50px;--awb-padding-bottom:30px;--awb-margin-top:30px;--awb-margin-bottom:40px;--awb-flex-wrap:wrap;\" ><div class=\"fusion-builder-row fusion-row fusion-flex-align-items-flex-start fusion-flex-content-wrap\" style=\"max-width:1248px;margin-left: calc(-4% \/ 2 );margin-right: calc(-4% \/ 2 );\"><div class=\"fusion-layout-column fusion_builder_column fusion-builder-column-0 fusion_builder_column_1_1 1_1 fusion-flex-column\" style=\"--awb-bg-size:cover;--awb-width-large:100%;--awb-margin-top-large:0px;--awb-spacing-right-large:1.92%;--awb-margin-bottom-large:20px;--awb-spacing-left-large:1.92%;--awb-width-medium:100%;--awb-order-medium:0;--awb-spacing-right-medium:1.92%;--awb-spacing-left-medium:1.92%;--awb-width-small:100%;--awb-order-small:0;--awb-spacing-right-small:1.92%;--awb-spacing-left-small:1.92%;\"><div class=\"fusion-column-wrapper fusion-column-has-shadow fusion-flex-justify-content-flex-start fusion-content-layout-column\"><div class=\"fusion-image-element \" style=\"text-align:center;--awb-caption-title-font-family:var(--h2_typography-font-family);--awb-caption-title-font-weight:var(--h2_typography-font-weight);--awb-caption-title-font-style:var(--h2_typography-font-style);--awb-caption-title-size:var(--h2_typography-font-size);--awb-caption-title-transform:var(--h2_typography-text-transform);--awb-caption-title-line-height:var(--h2_typography-line-height);--awb-caption-title-letter-spacing:var(--h2_typography-letter-spacing);\"><span class=\" fusion-imageframe imageframe-none imageframe-1 hover-type-none\"><img decoding=\"async\" width=\"293\" height=\"122\" title=\"Vilasantar logo\" src=\"https:\/\/ec4rural.webs.uvigo.gal\/wp-content\/uploads\/2024\/06\/Vilasantar-logo.jpg\" alt class=\"img-responsive wp-image-2561\" srcset=\"https:\/\/ec4rural.webs.uvigo.gal\/wp-content\/uploads\/2024\/06\/Vilasantar-logo-200x83.jpg 200w, https:\/\/ec4rural.webs.uvigo.gal\/wp-content\/uploads\/2024\/06\/Vilasantar-logo.jpg 293w\" sizes=\"(max-width: 640px) 100vw, 293px\" \/><\/span><\/div><\/div><\/div><\/div><\/div><div class=\"fusion-fullwidth fullwidth-box fusion-builder-row-2 fusion-flex-container has-pattern-background has-mask-background nonhundred-percent-fullwidth non-hundred-percent-height-scrolling\" style=\"--awb-border-radius-top-left:0px;--awb-border-radius-top-right:0px;--awb-border-radius-bottom-right:0px;--awb-border-radius-bottom-left:0px;--awb-padding-bottom:40px;--awb-background-color:#f2f2f2;--awb-flex-wrap:wrap;\" ><div class=\"fusion-builder-row fusion-row fusion-flex-align-items-flex-start fusion-flex-content-wrap\" style=\"max-width:1248px;margin-left: calc(-4% \/ 2 );margin-right: calc(-4% \/ 2 );\"><div class=\"fusion-layout-column fusion_builder_column fusion-builder-column-1 fusion_builder_column_1_1 1_1 fusion-flex-column\" style=\"--awb-bg-size:cover;--awb-width-large:100%;--awb-margin-top-large:0px;--awb-spacing-right-large:1.92%;--awb-margin-bottom-large:20px;--awb-spacing-left-large:1.92%;--awb-width-medium:100%;--awb-order-medium:0;--awb-spacing-right-medium:1.92%;--awb-spacing-left-medium:1.92%;--awb-width-small:100%;--awb-order-small:0;--awb-spacing-right-small:1.92%;--awb-spacing-left-small:1.92%;\"><div class=\"fusion-column-wrapper fusion-column-has-shadow fusion-flex-justify-content-flex-start fusion-content-layout-column\"><div class=\"fusion-text fusion-text-1\"><h4><strong>Introduci\u00f3n<\/strong><\/h4>\n<\/div><div class=\"fusion-text fusion-text-2\"><p>O <a href=\"https:\/\/vilasantar.gal\/\">Concello de Vilasantar<\/a> sit\u00faase na comarca de Betanzos, ao sueste da provincia da Coru\u00f1a, at\u00f3pase a 40 quil\u00f3metros da capital provincial. Tr\u00e1tase dun territorio interior que conta con algo m\u00e1is de 1.200 habitantes, ademais dunha superficie de 59,17 quil\u00f3metros cadrados, presentando un grao de urbanizaci\u00f3n de Zona Pouco Poboada, segundo o Instituto Galego de Estat\u00edstica.<\/p>\n<p>Pertence ao <a href=\"https:\/\/www.gdrullatambremandeo.gal\/\">Grupo de Desenvolvemento Rural Ulla Tambre Mandeo<\/a> (GDR20).<\/p>\n<\/div><div class=\"fusion-image-element \" style=\"text-align:center;--awb-margin-top:20px;--awb-caption-title-font-family:var(--h2_typography-font-family);--awb-caption-title-font-weight:var(--h2_typography-font-weight);--awb-caption-title-font-style:var(--h2_typography-font-style);--awb-caption-title-size:var(--h2_typography-font-size);--awb-caption-title-transform:var(--h2_typography-text-transform);--awb-caption-title-line-height:var(--h2_typography-line-height);--awb-caption-title-letter-spacing:var(--h2_typography-letter-spacing);\"><span class=\" fusion-imageframe imageframe-none imageframe-2 hover-type-none\"><img decoding=\"async\" width=\"800\" height=\"566\" title=\"VILASANTAR_LOCALIZACION\" src=\"https:\/\/ec4rural.webs.uvigo.gal\/wp-content\/uploads\/2024\/06\/VILASANTAR_LOCALIZACION-800x566.jpg\" alt class=\"img-responsive wp-image-2544\" srcset=\"https:\/\/ec4rural.webs.uvigo.gal\/wp-content\/uploads\/2024\/06\/VILASANTAR_LOCALIZACION-200x141.jpg 200w, https:\/\/ec4rural.webs.uvigo.gal\/wp-content\/uploads\/2024\/06\/VILASANTAR_LOCALIZACION-400x283.jpg 400w, https:\/\/ec4rural.webs.uvigo.gal\/wp-content\/uploads\/2024\/06\/VILASANTAR_LOCALIZACION-600x424.jpg 600w, https:\/\/ec4rural.webs.uvigo.gal\/wp-content\/uploads\/2024\/06\/VILASANTAR_LOCALIZACION-800x566.jpg 800w, https:\/\/ec4rural.webs.uvigo.gal\/wp-content\/uploads\/2024\/06\/VILASANTAR_LOCALIZACION-1200x849.jpg 1200w\" sizes=\"(max-width: 640px) 100vw, 1200px\" \/><\/span><\/div><\/div><\/div><\/div><\/div><div class=\"fusion-fullwidth fullwidth-box fusion-builder-row-3 fusion-flex-container has-pattern-background has-mask-background nonhundred-percent-fullwidth non-hundred-percent-height-scrolling\" style=\"--awb-border-radius-top-left:0px;--awb-border-radius-top-right:0px;--awb-border-radius-bottom-right:0px;--awb-border-radius-bottom-left:0px;--awb-padding-bottom:40px;--awb-margin-bottom:40px;--awb-flex-wrap:wrap;\" ><div class=\"fusion-builder-row fusion-row fusion-flex-align-items-flex-start fusion-flex-content-wrap\" style=\"max-width:1248px;margin-left: calc(-4% \/ 2 );margin-right: calc(-4% \/ 2 );\"><div class=\"fusion-layout-column fusion_builder_column fusion-builder-column-2 fusion_builder_column_1_1 1_1 fusion-flex-column\" style=\"--awb-bg-size:cover;--awb-width-large:100%;--awb-margin-top-large:0px;--awb-spacing-right-large:1.92%;--awb-margin-bottom-large:20px;--awb-spacing-left-large:1.92%;--awb-width-medium:100%;--awb-order-medium:0;--awb-spacing-right-medium:1.92%;--awb-spacing-left-medium:1.92%;--awb-width-small:100%;--awb-order-small:0;--awb-spacing-right-small:1.92%;--awb-spacing-left-small:1.92%;\"><div class=\"fusion-column-wrapper fusion-column-has-shadow fusion-flex-justify-content-flex-start fusion-content-layout-column\"><div class=\"fusion-text fusion-text-3\"><h4><strong>Poboaci\u00f3n e estrutura demogr\u00e1fica\u00a0<\/strong><\/h4>\n<\/div><div class=\"fusion-text fusion-text-4\"><p>A <strong>poboaci\u00f3n<\/strong> de Vilasantar experimenta unha perda constante de habitantes desde 1991 a 2022, con case 660 persoas menos, o que sup\u00f3n unha perda pr\u00f3xima ao 35% da poboaci\u00f3n.<\/p>\n<p>Na d\u00e9cada de 2012 a 2022, rexistrouse unha diminuci\u00f3n da poboaci\u00f3n de Vilasantar, dun -9,4%. Este descenso poboacional foi paralelo a un cambio na distribuci\u00f3n por idades que xerou un progresivo envellecemento da s\u00faa poboaci\u00f3n. A\u00ednda que todas as franxas de idade foron reducidas dende o ano 2002, as franxas de idade que sufriron unha maior perda de poboaci\u00f3n foron as persoas de entre 16 e 64 anos e as persoas maiores de 64 anos, ambas as d\u00faas diminu\u00edron nun 10 %. A poboaci\u00f3n menor de 16 anos presenta unha lixeira recuperaci\u00f3n dende 2012, cun incremento do 3,5%.<\/p>\n<p>Este envellecemento demogr\u00e1fico refl\u00edctese no grande estreitamento da base da pir\u00e1mide de poboaci\u00f3n e no ensanche da cima. Tam\u00e9n se observa un aumento da idade, que acadou en 2022 os 55 anos e medio, oito anos por riba da media de Galicia e A Coru\u00f1a. As mulleres presentan unha idade media moi superior \u00e1 dos homes, estando preto dos 58 anos para elas e algo por encima dos 53 para eles.<\/p>\n<p>O <strong>\u00edndice de dependencia global<\/strong> (IDG) en Vilasantar alcanzou en 2022 o 81%, tras un incremento case sostido ao longo de todo o per\u00edodo, a pesar de experimentar unha reduci\u00f3n entre 2017 e 2020. Nos dous \u00faltimos anos cambia de rumbo e sit\u00faase a case vinte puntos porcentuais do nivel galego como provincial. O incremento da proporci\u00f3n de poboaci\u00f3n dependente en Vilasantar dende 1998 \u00e9 significativo e moi superior ao rexistrado na provincia e no conxunto de Galicia, a pesar do achegamento entre 2018 e 2020, polo que confirma o declive e o envellecemento demogr\u00e1fico que est\u00e1 a vivir o municipio, que conleva importantes consecuencias a nivel social, econ\u00f3mico e cultural.<\/p>\n<\/div><\/div><\/div><div class=\"fusion-layout-column fusion_builder_column fusion-builder-column-3 fusion_builder_column_1_2 1_2 fusion-flex-column\" style=\"--awb-bg-size:cover;--awb-width-large:50%;--awb-margin-top-large:0px;--awb-spacing-right-large:3.84%;--awb-margin-bottom-large:20px;--awb-spacing-left-large:3.84%;--awb-width-medium:50%;--awb-order-medium:0;--awb-spacing-right-medium:3.84%;--awb-spacing-left-medium:3.84%;--awb-width-small:100%;--awb-order-small:0;--awb-spacing-right-small:1.92%;--awb-spacing-left-small:1.92%;\"><div class=\"fusion-column-wrapper fusion-column-has-shadow fusion-flex-justify-content-flex-start fusion-content-layout-column\"><div class=\"fusion-image-element awb-imageframe-style awb-imageframe-style-below awb-imageframe-style-3\" style=\"text-align:center;--awb-caption-title-font-family:var(--h2_typography-font-family);--awb-caption-title-font-weight:var(--h2_typography-font-weight);--awb-caption-title-font-style:var(--h2_typography-font-style);--awb-caption-title-size:var(--h2_typography-font-size);--awb-caption-title-transform:var(--h2_typography-text-transform);--awb-caption-title-line-height:var(--h2_typography-line-height);--awb-caption-title-letter-spacing:var(--h2_typography-letter-spacing);\"><span class=\" fusion-imageframe imageframe-none imageframe-3 hover-type-none\"><img decoding=\"async\" width=\"800\" height=\"430\" title=\"pob_vila_ig\" src=\"https:\/\/ec4rural.webs.uvigo.gal\/wp-content\/uploads\/2024\/06\/pob_vila_ig-800x430.png\" alt class=\"img-responsive wp-image-2550\" srcset=\"https:\/\/ec4rural.webs.uvigo.gal\/wp-content\/uploads\/2024\/06\/pob_vila_ig-200x107.png 200w, https:\/\/ec4rural.webs.uvigo.gal\/wp-content\/uploads\/2024\/06\/pob_vila_ig-400x215.png 400w, https:\/\/ec4rural.webs.uvigo.gal\/wp-content\/uploads\/2024\/06\/pob_vila_ig-600x322.png 600w, https:\/\/ec4rural.webs.uvigo.gal\/wp-content\/uploads\/2024\/06\/pob_vila_ig-800x430.png 800w, https:\/\/ec4rural.webs.uvigo.gal\/wp-content\/uploads\/2024\/06\/pob_vila_ig-1200x645.png 1200w\" sizes=\"(max-width: 640px) 100vw, 600px\" \/><\/span><div class=\"awb-imageframe-caption-container\" style=\"text-align:center;\"><div class=\"awb-imageframe-caption\"><h2 class=\"awb-imageframe-caption-title\"> <\/h2><p class=\"awb-imageframe-caption-text\">Din\u00e1mica demogr\u00e1fica en Vilasantar.<\/p><\/div><\/div><\/div><\/div><\/div><div class=\"fusion-layout-column fusion_builder_column fusion-builder-column-4 fusion_builder_column_1_2 1_2 fusion-flex-column\" style=\"--awb-bg-size:cover;--awb-width-large:50%;--awb-margin-top-large:0px;--awb-spacing-right-large:3.84%;--awb-margin-bottom-large:20px;--awb-spacing-left-large:3.84%;--awb-width-medium:50%;--awb-order-medium:0;--awb-spacing-right-medium:3.84%;--awb-spacing-left-medium:3.84%;--awb-width-small:100%;--awb-order-small:0;--awb-spacing-right-small:1.92%;--awb-spacing-left-small:1.92%;\"><div class=\"fusion-column-wrapper fusion-column-has-shadow fusion-flex-justify-content-flex-start fusion-content-layout-column\"><div class=\"fusion-image-element awb-imageframe-style awb-imageframe-style-below awb-imageframe-style-4\" style=\"text-align:center;--awb-caption-margin-right:30px;--awb-caption-margin-left:30px;--awb-caption-title-font-family:var(--h2_typography-font-family);--awb-caption-title-font-weight:var(--h2_typography-font-weight);--awb-caption-title-font-style:var(--h2_typography-font-style);--awb-caption-title-size:var(--h2_typography-font-size);--awb-caption-title-transform:var(--h2_typography-text-transform);--awb-caption-title-line-height:var(--h2_typography-line-height);--awb-caption-title-letter-spacing:var(--h2_typography-letter-spacing);\"><span class=\" fusion-imageframe imageframe-none imageframe-4 hover-type-none\"><img decoding=\"async\" width=\"800\" height=\"496\" title=\"IDG_vila_ing\" src=\"https:\/\/ec4rural.webs.uvigo.gal\/wp-content\/uploads\/2024\/06\/IDG_vila_ing-800x496.png\" alt class=\"img-responsive wp-image-2547\" srcset=\"https:\/\/ec4rural.webs.uvigo.gal\/wp-content\/uploads\/2024\/06\/IDG_vila_ing-200x124.png 200w, https:\/\/ec4rural.webs.uvigo.gal\/wp-content\/uploads\/2024\/06\/IDG_vila_ing-400x248.png 400w, https:\/\/ec4rural.webs.uvigo.gal\/wp-content\/uploads\/2024\/06\/IDG_vila_ing-600x372.png 600w, https:\/\/ec4rural.webs.uvigo.gal\/wp-content\/uploads\/2024\/06\/IDG_vila_ing-800x496.png 800w, https:\/\/ec4rural.webs.uvigo.gal\/wp-content\/uploads\/2024\/06\/IDG_vila_ing-1200x744.png 1200w\" sizes=\"(max-width: 640px) 100vw, 600px\" \/><\/span><div class=\"awb-imageframe-caption-container\" style=\"text-align:center;\"><div class=\"awb-imageframe-caption\"><h2 class=\"awb-imageframe-caption-title\"> <\/h2><p class=\"awb-imageframe-caption-text\">Evoluci\u00f3n da taxa de dependencia total de Vilasantar, A Coru\u00f1a e Galicia.<\/p><\/div><\/div><\/div><\/div><\/div><\/div><\/div><div class=\"fusion-fullwidth fullwidth-box fusion-builder-row-4 fusion-flex-container has-pattern-background has-mask-background nonhundred-percent-fullwidth non-hundred-percent-height-scrolling\" style=\"--awb-border-radius-top-left:0px;--awb-border-radius-top-right:0px;--awb-border-radius-bottom-right:0px;--awb-border-radius-bottom-left:0px;--awb-padding-bottom:40px;--awb-background-color:#f2f2f2;--awb-flex-wrap:wrap;\" ><div class=\"fusion-builder-row fusion-row fusion-flex-align-items-flex-start fusion-flex-content-wrap\" style=\"max-width:1248px;margin-left: calc(-4% \/ 2 );margin-right: calc(-4% \/ 2 );\"><div class=\"fusion-layout-column fusion_builder_column fusion-builder-column-5 fusion_builder_column_1_1 1_1 fusion-flex-column\" style=\"--awb-bg-size:cover;--awb-width-large:100%;--awb-margin-top-large:0px;--awb-spacing-right-large:1.92%;--awb-margin-bottom-large:20px;--awb-spacing-left-large:1.92%;--awb-width-medium:100%;--awb-order-medium:0;--awb-spacing-right-medium:1.92%;--awb-spacing-left-medium:1.92%;--awb-width-small:100%;--awb-order-small:0;--awb-spacing-right-small:1.92%;--awb-spacing-left-small:1.92%;\"><div class=\"fusion-column-wrapper fusion-column-has-shadow fusion-flex-justify-content-flex-start fusion-content-layout-column\"><div class=\"fusion-text fusion-text-5\"><h4><strong>Econom\u00eda<\/strong><\/h4>\n<\/div><div class=\"fusion-text fusion-text-6\"><p>A <strong>evoluci\u00f3n do PIB<\/strong> segue a mesma tendencia de crecemento que a dos concellos galegos en xeral e da provincia da Coru\u00f1a. Tras un lixeiro descenso inicial entre 2010 e 2012, as taxas de crecemento foron constantemente positivas, especialmente elevadas entre 2012 e 2016, ata o per\u00edodo de 2020, onde o PIB descendeu un 8,5%.<\/p>\n<p>Vilasantar rexistrou un impacto superior ao sufrido en Galicia, cun -7,7%, pero inferior ao da Coru\u00f1a, cun -10,5%. O PIB do municipio experimentou un crecemento do 2,5% ao longo da d\u00e9cada de 2010, ao contrario do que se viviu en Galicia, cun -2%, e na Coru\u00f1a, cun -0,26%. En 2022, o PIB municipal acabou alcanzando un valor pr\u00f3ximo aos 23,6 mill\u00f3ns de euros.<\/p>\n<p>A <strong>Renda Bruta Dispo\u00f1ible <\/strong>(RBD) amosa unha evoluci\u00f3n de crecemento. Entre 2002 e 2019, o incremento era do 13,6%, similar ao 13% e ao 15% rexistrados en Galicia e na Coru\u00f1a respectivamente. Este crecemento permitiu reducir a distancia entre a renda media dos fogares ata alcanzar os 14.400 euros por habitante en Vilasantar en 2019, 2.340 euros da media galega.<\/p>\n<p>A pandemia xerou unha baixada xeral cunha reduci\u00f3n do 2% da renda per c\u00e1pita no municipio ata os 14.650 euros en 2020, unha reduci\u00f3n menor que a experimentada en Galicia, preto do -3%, ou na Coru\u00f1a, cun -4,7%.<\/p>\n<p>Usando o rexistro de afiliaci\u00f3ns \u00e1 seguridade social como unha estimaci\u00f3n do <strong>emprego <\/strong>municipal, entre os anos 2011 e 2022, Vilasantar tivo un estancamento no n\u00famero de afiliaci\u00f3ns, a diferenza do crecemento rexistrado tanto a nivel auton\u00f3mico como provincial. En concreto, Vilasantar experimentou unha lixeira reduci\u00f3n do total de afiliaci\u00f3ns, con catro afiliados menos en 2022 con respecto a 2011, mentres que a nivel galego e provincial rexistrouse un crecemento do 8%. En canto aos sectores, o sector primario tivo unha reduci\u00f3n do 20% desde 2011. O sector secundario presenta unha reduci\u00f3n do 5,6%. O sector terciario ga\u00f1ou peso cun incremento do n\u00famero de afiliados que rolda o 14-15%.<\/p>\n<p>En 2022, Vilasantar ti\u00f1a unha <strong>taxa de actividade<\/strong> do 78%. A taxa de ocupaci\u00f3n sit\u00faase no 72%. A taxa de parto descende desde o 10,7% en 2011 ao 7% en 2022, unha taxa inferior aos conxuntos territoriais.<\/p>\n<\/div><\/div><\/div><div class=\"fusion-layout-column fusion_builder_column fusion-builder-column-6 fusion_builder_column_1_2 1_2 fusion-flex-column\" style=\"--awb-bg-size:cover;--awb-width-large:50%;--awb-margin-top-large:0px;--awb-spacing-right-large:3.84%;--awb-margin-bottom-large:20px;--awb-spacing-left-large:3.84%;--awb-width-medium:50%;--awb-order-medium:0;--awb-spacing-right-medium:3.84%;--awb-spacing-left-medium:3.84%;--awb-width-small:100%;--awb-order-small:0;--awb-spacing-right-small:1.92%;--awb-spacing-left-small:1.92%;\"><div class=\"fusion-column-wrapper fusion-column-has-shadow fusion-flex-justify-content-flex-start fusion-content-layout-column\"><div class=\"fusion-image-element awb-imageframe-style awb-imageframe-style-below awb-imageframe-style-5\" style=\"text-align:center;--awb-caption-margin-right:30px;--awb-caption-margin-left:30px;--awb-caption-title-font-family:var(--h2_typography-font-family);--awb-caption-title-font-weight:var(--h2_typography-font-weight);--awb-caption-title-font-style:var(--h2_typography-font-style);--awb-caption-title-size:var(--h2_typography-font-size);--awb-caption-title-transform:var(--h2_typography-text-transform);--awb-caption-title-line-height:var(--h2_typography-line-height);--awb-caption-title-letter-spacing:var(--h2_typography-letter-spacing);\"><span class=\" fusion-imageframe imageframe-none imageframe-5 hover-type-none\"><img decoding=\"async\" width=\"800\" height=\"492\" title=\"RBD_vila_ing\" src=\"https:\/\/ec4rural.webs.uvigo.gal\/wp-content\/uploads\/2024\/06\/RBD_vila_ing-800x492.png\" alt class=\"img-responsive wp-image-2553\" srcset=\"https:\/\/ec4rural.webs.uvigo.gal\/wp-content\/uploads\/2024\/06\/RBD_vila_ing-200x123.png 200w, https:\/\/ec4rural.webs.uvigo.gal\/wp-content\/uploads\/2024\/06\/RBD_vila_ing-400x246.png 400w, https:\/\/ec4rural.webs.uvigo.gal\/wp-content\/uploads\/2024\/06\/RBD_vila_ing-600x369.png 600w, https:\/\/ec4rural.webs.uvigo.gal\/wp-content\/uploads\/2024\/06\/RBD_vila_ing-800x492.png 800w, https:\/\/ec4rural.webs.uvigo.gal\/wp-content\/uploads\/2024\/06\/RBD_vila_ing-1200x738.png 1200w\" sizes=\"(max-width: 640px) 100vw, 600px\" \/><\/span><div class=\"awb-imageframe-caption-container\"><div class=\"awb-imageframe-caption\"><h2 class=\"awb-imageframe-caption-title\"> <\/h2><p class=\"awb-imageframe-caption-text\">Evoluci\u00f3n da Renda Bruta Dispo\u00f1ible por habitante en Vilasantar, A Coru\u00f1a e Galicia.<\/p><\/div><\/div><\/div><\/div><\/div><div class=\"fusion-layout-column fusion_builder_column fusion-builder-column-7 fusion_builder_column_1_2 1_2 fusion-flex-column\" style=\"--awb-bg-size:cover;--awb-width-large:50%;--awb-margin-top-large:0px;--awb-spacing-right-large:3.84%;--awb-margin-bottom-large:20px;--awb-spacing-left-large:3.84%;--awb-width-medium:50%;--awb-order-medium:0;--awb-spacing-right-medium:3.84%;--awb-spacing-left-medium:3.84%;--awb-width-small:100%;--awb-order-small:0;--awb-spacing-right-small:1.92%;--awb-spacing-left-small:1.92%;\"><div class=\"fusion-column-wrapper fusion-column-has-shadow fusion-flex-justify-content-flex-start fusion-content-layout-column\"><div class=\"fusion-image-element awb-imageframe-style awb-imageframe-style-below awb-imageframe-style-6\" style=\"text-align:center;--awb-caption-margin-right:30px;--awb-caption-margin-left:30px;--awb-caption-title-font-family:var(--h2_typography-font-family);--awb-caption-title-font-weight:var(--h2_typography-font-weight);--awb-caption-title-font-style:var(--h2_typography-font-style);--awb-caption-title-size:var(--h2_typography-font-size);--awb-caption-title-transform:var(--h2_typography-text-transform);--awb-caption-title-line-height:var(--h2_typography-line-height);--awb-caption-title-letter-spacing:var(--h2_typography-letter-spacing);\"><span class=\" fusion-imageframe imageframe-none imageframe-6 hover-type-none\"><img decoding=\"async\" width=\"800\" height=\"455\" title=\"tasas_vila_ing\" src=\"https:\/\/ec4rural.webs.uvigo.gal\/wp-content\/uploads\/2024\/06\/tasas_vila_ing-800x455.png\" alt class=\"img-responsive wp-image-2556\" srcset=\"https:\/\/ec4rural.webs.uvigo.gal\/wp-content\/uploads\/2024\/06\/tasas_vila_ing-200x114.png 200w, https:\/\/ec4rural.webs.uvigo.gal\/wp-content\/uploads\/2024\/06\/tasas_vila_ing-400x228.png 400w, https:\/\/ec4rural.webs.uvigo.gal\/wp-content\/uploads\/2024\/06\/tasas_vila_ing-600x342.png 600w, https:\/\/ec4rural.webs.uvigo.gal\/wp-content\/uploads\/2024\/06\/tasas_vila_ing-800x455.png 800w, https:\/\/ec4rural.webs.uvigo.gal\/wp-content\/uploads\/2024\/06\/tasas_vila_ing-1200x683.png 1200w\" sizes=\"(max-width: 640px) 100vw, 600px\" \/><\/span><div class=\"awb-imageframe-caption-container\"><div class=\"awb-imageframe-caption\"><h2 class=\"awb-imageframe-caption-title\"> <\/h2><p class=\"awb-imageframe-caption-text\">Evoluci\u00f3n das taxas de emprego, paro e actividade no municipio de Vilasantar.<\/p><\/div><\/div><\/div><\/div><\/div><\/div><\/div><div class=\"fusion-fullwidth fullwidth-box fusion-builder-row-5 fusion-flex-container has-pattern-background has-mask-background nonhundred-percent-fullwidth non-hundred-percent-height-scrolling\" style=\"--awb-border-radius-top-left:0px;--awb-border-radius-top-right:0px;--awb-border-radius-bottom-right:0px;--awb-border-radius-bottom-left:0px;--awb-flex-wrap:wrap;\" ><div class=\"fusion-builder-row fusion-row fusion-flex-align-items-flex-start fusion-flex-content-wrap\" style=\"max-width:1248px;margin-left: calc(-4% \/ 2 );margin-right: calc(-4% \/ 2 );\"><div class=\"fusion-layout-column fusion_builder_column fusion-builder-column-8 fusion_builder_column_1_1 1_1 fusion-flex-column\" style=\"--awb-bg-size:cover;--awb-width-large:100%;--awb-margin-top-large:0px;--awb-spacing-right-large:1.92%;--awb-margin-bottom-large:20px;--awb-spacing-left-large:1.92%;--awb-width-medium:100%;--awb-order-medium:0;--awb-spacing-right-medium:1.92%;--awb-spacing-left-medium:1.92%;--awb-width-small:100%;--awb-order-small:0;--awb-spacing-right-small:1.92%;--awb-spacing-left-small:1.92%;\"><div class=\"fusion-column-wrapper fusion-column-has-shadow fusion-flex-justify-content-flex-start fusion-content-layout-column\"><div class=\"fusion-text fusion-text-7\"><h4><strong>Recursos enerx\u00e9ticos<\/strong><\/h4>\n<\/div><div class=\"fusion-text fusion-text-8\"><p>Vilasantar conta cunha importante <strong>infraestrutura enerx\u00e9tica baseada en fontes renovables<\/strong>, en concreto a enerx\u00eda hidr\u00e1ulica e solar fotovoltaica. A potencia instalada de enerx\u00eda hidr\u00e1ulica \u00e9 de 1,906 MW en 2022. As\u00ed mesmo, conta con aproximadamente 5,6 kW de enerx\u00eda solar fotovoltaica instalada. Non obstante, unha maior diversificaci\u00f3n das fontes de enerx\u00eda renovables \u00e9 fundamental para reforzar a resiliencia enerx\u00e9tica do municipio e maximizar o seu potencial econ\u00f3mico. A expansi\u00f3n doutras formas de enerx\u00eda renovable, como a e\u00f3lica ou a biomasa, non s\u00f3 contribuir\u00eda a reducir a dependencia dunha soa fonte, sen\u00f3n que tam\u00e9n poder\u00eda xerar novas oportunidades econ\u00f3micas e laborais na zona.<\/p>\n<p>O <strong>consumo el\u00e9ctrico<\/strong> estimado de Vilasantar en 2023 foi de 3.044,15 MWh. O consumo residencial foi de 1.761,67 MWh. O consumo dos servizos, inclu\u00eddos os municipais, foi de 839,92 MWh. A industria consumiu 442,56 MWh.<\/p>\n<\/div><\/div><\/div><\/div><\/div><\/p>\n","protected":false},"excerpt":{"rendered":"","protected":false},"author":1,"featured_media":0,"parent":0,"menu_order":0,"comment_status":"closed","ping_status":"closed","template":"100-width.php","meta":{"footnotes":""},"yoast_head":"<!-- This site is optimized with the Yoast SEO plugin v23.8 - https:\/\/yoast.com\/wordpress\/plugins\/seo\/ -->\n<title>Vilasantar - EC4RURAL<\/title>\n<meta name=\"robots\" content=\"index, follow, max-snippet:-1, max-image-preview:large, max-video-preview:-1\" \/>\n<link rel=\"canonical\" href=\"https:\/\/ec4rural.webs.uvigo.gal\/gl\/vilasantar\/\" \/>\n<meta property=\"og:locale\" content=\"gl_ES\" \/>\n<meta property=\"og:type\" content=\"article\" \/>\n<meta property=\"og:title\" content=\"Vilasantar - EC4RURAL\" \/>\n<meta property=\"og:url\" content=\"https:\/\/ec4rural.webs.uvigo.gal\/gl\/vilasantar\/\" \/>\n<meta property=\"og:site_name\" content=\"EC4RURAL\" \/>\n<meta property=\"article:modified_time\" content=\"2024-07-05T12:14:06+00:00\" \/>\n<meta name=\"twitter:card\" content=\"summary_large_image\" \/>\n<meta name=\"twitter:label1\" content=\"Tempo de lectura\" \/>\n\t<meta name=\"twitter:data1\" content=\"6 minutos\" \/>\n<script type=\"application\/ld+json\" class=\"yoast-schema-graph\">{\"@context\":\"https:\/\/schema.org\",\"@graph\":[{\"@type\":\"WebPage\",\"@id\":\"https:\/\/ec4rural.webs.uvigo.gal\/gl\/vilasantar\/\",\"url\":\"https:\/\/ec4rural.webs.uvigo.gal\/gl\/vilasantar\/\",\"name\":\"Vilasantar - EC4RURAL\",\"isPartOf\":{\"@id\":\"https:\/\/ec4rural.webs.uvigo.gal\/gl\/#website\"},\"datePublished\":\"2024-06-11T20:13:21+00:00\",\"dateModified\":\"2024-07-05T12:14:06+00:00\",\"breadcrumb\":{\"@id\":\"https:\/\/ec4rural.webs.uvigo.gal\/gl\/vilasantar\/#breadcrumb\"},\"inLanguage\":\"gl-ES\",\"potentialAction\":[{\"@type\":\"ReadAction\",\"target\":[\"https:\/\/ec4rural.webs.uvigo.gal\/gl\/vilasantar\/\"]}]},{\"@type\":\"BreadcrumbList\",\"@id\":\"https:\/\/ec4rural.webs.uvigo.gal\/gl\/vilasantar\/#breadcrumb\",\"itemListElement\":[{\"@type\":\"ListItem\",\"position\":1,\"name\":\"Portada\",\"item\":\"https:\/\/ec4rural.webs.uvigo.gal\/gl\/\"},{\"@type\":\"ListItem\",\"position\":2,\"name\":\"Vilasantar\"}]},{\"@type\":\"WebSite\",\"@id\":\"https:\/\/ec4rural.webs.uvigo.gal\/gl\/#website\",\"url\":\"https:\/\/ec4rural.webs.uvigo.gal\/gl\/\",\"name\":\"EC4RURAL\",\"description\":\"\",\"potentialAction\":[{\"@type\":\"SearchAction\",\"target\":{\"@type\":\"EntryPoint\",\"urlTemplate\":\"https:\/\/ec4rural.webs.uvigo.gal\/gl\/?s={search_term_string}\"},\"query-input\":{\"@type\":\"PropertyValueSpecification\",\"valueRequired\":true,\"valueName\":\"search_term_string\"}}],\"inLanguage\":\"gl-ES\"}]}<\/script>\n<!-- \/ Yoast SEO plugin. -->","yoast_head_json":{"title":"Vilasantar - EC4RURAL","robots":{"index":"index","follow":"follow","max-snippet":"max-snippet:-1","max-image-preview":"max-image-preview:large","max-video-preview":"max-video-preview:-1"},"canonical":"https:\/\/ec4rural.webs.uvigo.gal\/gl\/vilasantar\/","og_locale":"gl_ES","og_type":"article","og_title":"Vilasantar - EC4RURAL","og_url":"https:\/\/ec4rural.webs.uvigo.gal\/gl\/vilasantar\/","og_site_name":"EC4RURAL","article_modified_time":"2024-07-05T12:14:06+00:00","twitter_card":"summary_large_image","twitter_misc":{"Tempo de lectura":"6 minutos"},"schema":{"@context":"https:\/\/schema.org","@graph":[{"@type":"WebPage","@id":"https:\/\/ec4rural.webs.uvigo.gal\/gl\/vilasantar\/","url":"https:\/\/ec4rural.webs.uvigo.gal\/gl\/vilasantar\/","name":"Vilasantar - EC4RURAL","isPartOf":{"@id":"https:\/\/ec4rural.webs.uvigo.gal\/gl\/#website"},"datePublished":"2024-06-11T20:13:21+00:00","dateModified":"2024-07-05T12:14:06+00:00","breadcrumb":{"@id":"https:\/\/ec4rural.webs.uvigo.gal\/gl\/vilasantar\/#breadcrumb"},"inLanguage":"gl-ES","potentialAction":[{"@type":"ReadAction","target":["https:\/\/ec4rural.webs.uvigo.gal\/gl\/vilasantar\/"]}]},{"@type":"BreadcrumbList","@id":"https:\/\/ec4rural.webs.uvigo.gal\/gl\/vilasantar\/#breadcrumb","itemListElement":[{"@type":"ListItem","position":1,"name":"Portada","item":"https:\/\/ec4rural.webs.uvigo.gal\/gl\/"},{"@type":"ListItem","position":2,"name":"Vilasantar"}]},{"@type":"WebSite","@id":"https:\/\/ec4rural.webs.uvigo.gal\/gl\/#website","url":"https:\/\/ec4rural.webs.uvigo.gal\/gl\/","name":"EC4RURAL","description":"","potentialAction":[{"@type":"SearchAction","target":{"@type":"EntryPoint","urlTemplate":"https:\/\/ec4rural.webs.uvigo.gal\/gl\/?s={search_term_string}"},"query-input":{"@type":"PropertyValueSpecification","valueRequired":true,"valueName":"search_term_string"}}],"inLanguage":"gl-ES"}]}},"_links":{"self":[{"href":"https:\/\/ec4rural.webs.uvigo.gal\/gl\/wp-json\/wp\/v2\/pages\/3013"}],"collection":[{"href":"https:\/\/ec4rural.webs.uvigo.gal\/gl\/wp-json\/wp\/v2\/pages"}],"about":[{"href":"https:\/\/ec4rural.webs.uvigo.gal\/gl\/wp-json\/wp\/v2\/types\/page"}],"author":[{"embeddable":true,"href":"https:\/\/ec4rural.webs.uvigo.gal\/gl\/wp-json\/wp\/v2\/users\/1"}],"replies":[{"embeddable":true,"href":"https:\/\/ec4rural.webs.uvigo.gal\/gl\/wp-json\/wp\/v2\/comments?post=3013"}],"version-history":[{"count":13,"href":"https:\/\/ec4rural.webs.uvigo.gal\/gl\/wp-json\/wp\/v2\/pages\/3013\/revisions"}],"predecessor-version":[{"id":3416,"href":"https:\/\/ec4rural.webs.uvigo.gal\/gl\/wp-json\/wp\/v2\/pages\/3013\/revisions\/3416"}],"wp:attachment":[{"href":"https:\/\/ec4rural.webs.uvigo.gal\/gl\/wp-json\/wp\/v2\/media?parent=3013"}],"curies":[{"name":"wp","href":"https:\/\/api.w.org\/{rel}","templated":true}]}}