{"id":2998,"date":"2024-06-11T22:06:30","date_gmt":"2024-06-11T20:06:30","guid":{"rendered":"https:\/\/ec4rural.webs.uvigo.gal\/vedra\/"},"modified":"2024-07-05T14:06:43","modified_gmt":"2024-07-05T12:06:43","slug":"vedra","status":"publish","type":"page","link":"https:\/\/ec4rural.webs.uvigo.gal\/gl\/vedra\/","title":{"rendered":"Vedra"},"content":{"rendered":"<p><div class=\"fusion-fullwidth fullwidth-box fusion-builder-row-1 fusion-flex-container has-pattern-background has-mask-background nonhundred-percent-fullwidth non-hundred-percent-height-scrolling\" style=\"--awb-border-radius-top-left:0px;--awb-border-radius-top-right:0px;--awb-border-radius-bottom-right:0px;--awb-border-radius-bottom-left:0px;--awb-padding-top:50px;--awb-padding-bottom:30px;--awb-margin-top:30px;--awb-margin-bottom:40px;--awb-flex-wrap:wrap;\" ><div class=\"fusion-builder-row fusion-row fusion-flex-align-items-flex-start fusion-flex-content-wrap\" style=\"max-width:1248px;margin-left: calc(-4% \/ 2 );margin-right: calc(-4% \/ 2 );\"><div class=\"fusion-layout-column fusion_builder_column fusion-builder-column-0 fusion_builder_column_1_1 1_1 fusion-flex-column\" style=\"--awb-bg-size:cover;--awb-width-large:100%;--awb-margin-top-large:0px;--awb-spacing-right-large:1.92%;--awb-margin-bottom-large:20px;--awb-spacing-left-large:1.92%;--awb-width-medium:100%;--awb-order-medium:0;--awb-spacing-right-medium:1.92%;--awb-spacing-left-medium:1.92%;--awb-width-small:100%;--awb-order-small:0;--awb-spacing-right-small:1.92%;--awb-spacing-left-small:1.92%;\"><div class=\"fusion-column-wrapper fusion-column-has-shadow fusion-flex-justify-content-flex-start fusion-content-layout-column\"><div class=\"fusion-image-element \" style=\"text-align:center;--awb-caption-title-font-family:var(--h2_typography-font-family);--awb-caption-title-font-weight:var(--h2_typography-font-weight);--awb-caption-title-font-style:var(--h2_typography-font-style);--awb-caption-title-size:var(--h2_typography-font-size);--awb-caption-title-transform:var(--h2_typography-text-transform);--awb-caption-title-line-height:var(--h2_typography-line-height);--awb-caption-title-letter-spacing:var(--h2_typography-letter-spacing);\"><span class=\" fusion-imageframe imageframe-none imageframe-1 hover-type-none\"><img decoding=\"async\" width=\"300\" height=\"105\" title=\"logo Vedra\" src=\"https:\/\/ec4rural.webs.uvigo.gal\/wp-content\/uploads\/2024\/06\/logo-Vedra-300x105.png\" alt class=\"img-responsive wp-image-2521\" srcset=\"https:\/\/ec4rural.webs.uvigo.gal\/wp-content\/uploads\/2024\/06\/logo-Vedra-200x70.png 200w, https:\/\/ec4rural.webs.uvigo.gal\/wp-content\/uploads\/2024\/06\/logo-Vedra-400x140.png 400w, https:\/\/ec4rural.webs.uvigo.gal\/wp-content\/uploads\/2024\/06\/logo-Vedra-600x210.png 600w, https:\/\/ec4rural.webs.uvigo.gal\/wp-content\/uploads\/2024\/06\/logo-Vedra.png 686w\" sizes=\"(max-width: 640px) 100vw, 300px\" \/><\/span><\/div><\/div><\/div><\/div><\/div><div class=\"fusion-fullwidth fullwidth-box fusion-builder-row-2 fusion-flex-container has-pattern-background has-mask-background nonhundred-percent-fullwidth non-hundred-percent-height-scrolling\" style=\"--awb-border-radius-top-left:0px;--awb-border-radius-top-right:0px;--awb-border-radius-bottom-right:0px;--awb-border-radius-bottom-left:0px;--awb-padding-bottom:40px;--awb-background-color:#f2f2f2;--awb-flex-wrap:wrap;\" ><div class=\"fusion-builder-row fusion-row fusion-flex-align-items-flex-start fusion-flex-content-wrap\" style=\"max-width:1248px;margin-left: calc(-4% \/ 2 );margin-right: calc(-4% \/ 2 );\"><div class=\"fusion-layout-column fusion_builder_column fusion-builder-column-1 fusion_builder_column_1_1 1_1 fusion-flex-column\" style=\"--awb-bg-size:cover;--awb-width-large:100%;--awb-margin-top-large:0px;--awb-spacing-right-large:1.92%;--awb-margin-bottom-large:20px;--awb-spacing-left-large:1.92%;--awb-width-medium:100%;--awb-order-medium:0;--awb-spacing-right-medium:1.92%;--awb-spacing-left-medium:1.92%;--awb-width-small:100%;--awb-order-small:0;--awb-spacing-right-small:1.92%;--awb-spacing-left-small:1.92%;\"><div class=\"fusion-column-wrapper fusion-column-has-shadow fusion-flex-justify-content-flex-start fusion-content-layout-column\"><div class=\"fusion-text fusion-text-1\"><h4><strong>Introduci\u00f3n<\/strong><\/h4>\n<\/div><div class=\"fusion-text fusion-text-2\"><p>O <a href=\"https:\/\/www.concellodevedra.es\/\">Concello de Vedra<\/a> sit\u00faase na comarca do Val do Ulla, ao sur da provincia da Coru\u00f1a, no l\u00edmite xeogr\u00e1fico coa provincia de Pontevedra e a 16 quil\u00f3metros da capital provincial. \u00c9 un territorio interior que conta con 5.000 habitantes e cunha extensi\u00f3n de 52,78 quil\u00f3metros cadrados. Presenta un grao de urbanizaci\u00f3n de Zona Escasamente Poboada, segundo o Instituto Galego de Estat\u00edstica.<\/p>\n<p>Pertence ao <a href=\"https:\/\/terrasdecompostela.org\/\">Grupo de Desenvolvemento Rural Terras de Compostela<\/a> (GDR19).<\/p>\n<\/div><div class=\"fusion-image-element \" style=\"text-align:center;--awb-margin-top:20px;--awb-caption-title-font-family:var(--h2_typography-font-family);--awb-caption-title-font-weight:var(--h2_typography-font-weight);--awb-caption-title-font-style:var(--h2_typography-font-style);--awb-caption-title-size:var(--h2_typography-font-size);--awb-caption-title-transform:var(--h2_typography-text-transform);--awb-caption-title-line-height:var(--h2_typography-line-height);--awb-caption-title-letter-spacing:var(--h2_typography-letter-spacing);\"><span class=\" fusion-imageframe imageframe-none imageframe-2 hover-type-none\"><img decoding=\"async\" width=\"800\" height=\"566\" title=\"COMPOSICION_VEDRA\" src=\"https:\/\/ec4rural.webs.uvigo.gal\/wp-content\/uploads\/2024\/06\/COMPOSICION_VEDRA-800x566.jpg\" alt class=\"img-responsive wp-image-2524\" srcset=\"https:\/\/ec4rural.webs.uvigo.gal\/wp-content\/uploads\/2024\/06\/COMPOSICION_VEDRA-200x141.jpg 200w, https:\/\/ec4rural.webs.uvigo.gal\/wp-content\/uploads\/2024\/06\/COMPOSICION_VEDRA-400x283.jpg 400w, https:\/\/ec4rural.webs.uvigo.gal\/wp-content\/uploads\/2024\/06\/COMPOSICION_VEDRA-600x424.jpg 600w, https:\/\/ec4rural.webs.uvigo.gal\/wp-content\/uploads\/2024\/06\/COMPOSICION_VEDRA-800x566.jpg 800w, https:\/\/ec4rural.webs.uvigo.gal\/wp-content\/uploads\/2024\/06\/COMPOSICION_VEDRA-1200x849.jpg 1200w\" sizes=\"(max-width: 640px) 100vw, 1200px\" \/><\/span><\/div><\/div><\/div><\/div><\/div><div class=\"fusion-fullwidth fullwidth-box fusion-builder-row-3 fusion-flex-container has-pattern-background has-mask-background nonhundred-percent-fullwidth non-hundred-percent-height-scrolling\" style=\"--awb-border-radius-top-left:0px;--awb-border-radius-top-right:0px;--awb-border-radius-bottom-right:0px;--awb-border-radius-bottom-left:0px;--awb-padding-bottom:40px;--awb-margin-bottom:40px;--awb-flex-wrap:wrap;\" ><div class=\"fusion-builder-row fusion-row fusion-flex-align-items-flex-start fusion-flex-content-wrap\" style=\"max-width:1248px;margin-left: calc(-4% \/ 2 );margin-right: calc(-4% \/ 2 );\"><div class=\"fusion-layout-column fusion_builder_column fusion-builder-column-2 fusion_builder_column_1_1 1_1 fusion-flex-column\" style=\"--awb-bg-size:cover;--awb-width-large:100%;--awb-margin-top-large:0px;--awb-spacing-right-large:1.92%;--awb-margin-bottom-large:20px;--awb-spacing-left-large:1.92%;--awb-width-medium:100%;--awb-order-medium:0;--awb-spacing-right-medium:1.92%;--awb-spacing-left-medium:1.92%;--awb-width-small:100%;--awb-order-small:0;--awb-spacing-right-small:1.92%;--awb-spacing-left-small:1.92%;\"><div class=\"fusion-column-wrapper fusion-column-has-shadow fusion-flex-justify-content-flex-start fusion-content-layout-column\"><div class=\"fusion-text fusion-text-3\"><h4><strong>Poboaci\u00f3n e estrutura demogr\u00e1fica\u00a0<\/strong><\/h4>\n<\/div><div class=\"fusion-text fusion-text-4\"><p>A <strong>poboaci\u00f3n<\/strong> de Vedra rexistra unha perda continuada de habitantes no per\u00edodo de 1991 a 2022, presentando un descenso do 0,91% pasando de 5.051 habitantes en 1991 a 5.005 habitantes en 2022.<\/p>\n<p>De 2012 a 2022 rexistrouse un descenso da poboaci\u00f3n do -0,75%, cunha relativa desaceleraci\u00f3n en canto \u00e1 taxa de perda de poboaci\u00f3n, alternando tam\u00e9n anos de descenso poboacional con outros de certa recuperaci\u00f3n. O grupo de idade das persoas menores de 64 anos diminu\u00edu significativamente, mentres que a poboaci\u00f3n maior de 64 anos creceu un 23%. O grupo de idade de persoas en idade de traballar reduciuse: un -9%, o que se traduce nunha perda de 300 habitantes en idade de traballar. As persoas maiores de 64 anos aumentaron case un 20% e a poboaci\u00f3n nova, menor de 16 anos, tam\u00e9n incrementou un 7%.<\/p>\n<p>Este envellecemento demogr\u00e1fico, e a importante perda da poboaci\u00f3n en idade de traballar, refl\u00edctese no estreitamento da base da pir\u00e1mide poboacional e no aumento da idade media. A media de idade dos habitantes de Vedra en 2022 alcanzou os 48 anos. As mulleres presentan unha idade media m\u00e1is alta cos homes, con 51 anos para elas e uns 47 para eles.<\/p>\n<p>O <strong>\u00edndice de dependencia global<\/strong> (IDG) en Vedra alcanzou o 64,10% en 2022, despois dun aumento continuado desde 2006. Este incremento significativo \u00e9 moi similar ao rexistrado na provincia e no conxunto de Galicia, o que confirma o descenso e o envellecemento demogr\u00e1fico que est\u00e1 a experimentar o municipio, con importantes consecuencias a nivel social, a nivel econ\u00f3mico e cultural.<\/p>\n<\/div><\/div><\/div><div class=\"fusion-layout-column fusion_builder_column fusion-builder-column-3 fusion_builder_column_1_2 1_2 fusion-flex-column\" style=\"--awb-bg-size:cover;--awb-width-large:50%;--awb-margin-top-large:0px;--awb-spacing-right-large:3.84%;--awb-margin-bottom-large:20px;--awb-spacing-left-large:3.84%;--awb-width-medium:50%;--awb-order-medium:0;--awb-spacing-right-medium:3.84%;--awb-spacing-left-medium:3.84%;--awb-width-small:100%;--awb-order-small:0;--awb-spacing-right-small:1.92%;--awb-spacing-left-small:1.92%;\"><div class=\"fusion-column-wrapper fusion-column-has-shadow fusion-flex-justify-content-flex-start fusion-content-layout-column\"><div class=\"fusion-image-element awb-imageframe-style awb-imageframe-style-below awb-imageframe-style-3\" style=\"text-align:center;--awb-caption-title-font-family:var(--h2_typography-font-family);--awb-caption-title-font-weight:var(--h2_typography-font-weight);--awb-caption-title-font-style:var(--h2_typography-font-style);--awb-caption-title-size:var(--h2_typography-font-size);--awb-caption-title-transform:var(--h2_typography-text-transform);--awb-caption-title-line-height:var(--h2_typography-line-height);--awb-caption-title-letter-spacing:var(--h2_typography-letter-spacing);\"><span class=\" fusion-imageframe imageframe-none imageframe-3 hover-type-none\"><img decoding=\"async\" width=\"800\" height=\"430\" title=\"pob_vedra_ing\" src=\"https:\/\/ec4rural.webs.uvigo.gal\/wp-content\/uploads\/2024\/06\/pob_vedra_ing-800x430.png\" alt class=\"img-responsive wp-image-2530\" srcset=\"https:\/\/ec4rural.webs.uvigo.gal\/wp-content\/uploads\/2024\/06\/pob_vedra_ing-200x107.png 200w, https:\/\/ec4rural.webs.uvigo.gal\/wp-content\/uploads\/2024\/06\/pob_vedra_ing-400x215.png 400w, https:\/\/ec4rural.webs.uvigo.gal\/wp-content\/uploads\/2024\/06\/pob_vedra_ing-600x322.png 600w, https:\/\/ec4rural.webs.uvigo.gal\/wp-content\/uploads\/2024\/06\/pob_vedra_ing-800x430.png 800w, https:\/\/ec4rural.webs.uvigo.gal\/wp-content\/uploads\/2024\/06\/pob_vedra_ing-1200x645.png 1200w\" sizes=\"(max-width: 640px) 100vw, 600px\" \/><\/span><div class=\"awb-imageframe-caption-container\" style=\"text-align:center;\"><div class=\"awb-imageframe-caption\"><h2 class=\"awb-imageframe-caption-title\"> <\/h2><p class=\"awb-imageframe-caption-text\">Din\u00e1mica demogr\u00e1fica en Vedra.<\/p><\/div><\/div><\/div><\/div><\/div><div class=\"fusion-layout-column fusion_builder_column fusion-builder-column-4 fusion_builder_column_1_2 1_2 fusion-flex-column\" style=\"--awb-bg-size:cover;--awb-width-large:50%;--awb-margin-top-large:0px;--awb-spacing-right-large:3.84%;--awb-margin-bottom-large:20px;--awb-spacing-left-large:3.84%;--awb-width-medium:50%;--awb-order-medium:0;--awb-spacing-right-medium:3.84%;--awb-spacing-left-medium:3.84%;--awb-width-small:100%;--awb-order-small:0;--awb-spacing-right-small:1.92%;--awb-spacing-left-small:1.92%;\"><div class=\"fusion-column-wrapper fusion-column-has-shadow fusion-flex-justify-content-flex-start fusion-content-layout-column\"><div class=\"fusion-image-element awb-imageframe-style awb-imageframe-style-below awb-imageframe-style-4\" style=\"text-align:center;--awb-caption-margin-right:30px;--awb-caption-margin-left:30px;--awb-caption-title-font-family:var(--h2_typography-font-family);--awb-caption-title-font-weight:var(--h2_typography-font-weight);--awb-caption-title-font-style:var(--h2_typography-font-style);--awb-caption-title-size:var(--h2_typography-font-size);--awb-caption-title-transform:var(--h2_typography-text-transform);--awb-caption-title-line-height:var(--h2_typography-line-height);--awb-caption-title-letter-spacing:var(--h2_typography-letter-spacing);\"><span class=\" fusion-imageframe imageframe-none imageframe-4 hover-type-none\"><img decoding=\"async\" width=\"800\" height=\"492\" title=\"RBD_vedra_ing\" src=\"https:\/\/ec4rural.webs.uvigo.gal\/wp-content\/uploads\/2024\/06\/RBD_vedra_ing-800x492.png\" alt class=\"img-responsive wp-image-2533\" srcset=\"https:\/\/ec4rural.webs.uvigo.gal\/wp-content\/uploads\/2024\/06\/RBD_vedra_ing-200x123.png 200w, https:\/\/ec4rural.webs.uvigo.gal\/wp-content\/uploads\/2024\/06\/RBD_vedra_ing-400x246.png 400w, https:\/\/ec4rural.webs.uvigo.gal\/wp-content\/uploads\/2024\/06\/RBD_vedra_ing-600x369.png 600w, https:\/\/ec4rural.webs.uvigo.gal\/wp-content\/uploads\/2024\/06\/RBD_vedra_ing-800x492.png 800w, https:\/\/ec4rural.webs.uvigo.gal\/wp-content\/uploads\/2024\/06\/RBD_vedra_ing-1200x738.png 1200w\" sizes=\"(max-width: 640px) 100vw, 600px\" \/><\/span><div class=\"awb-imageframe-caption-container\" style=\"text-align:center;\"><div class=\"awb-imageframe-caption\"><h2 class=\"awb-imageframe-caption-title\"> <\/h2><p class=\"awb-imageframe-caption-text\">Evoluci\u00f3n de la tasa de dependencia total de Vedra, A Coru\u00f1a y Galicia.<\/p><\/div><\/div><\/div><\/div><\/div><\/div><\/div><div class=\"fusion-fullwidth fullwidth-box fusion-builder-row-4 fusion-flex-container has-pattern-background has-mask-background nonhundred-percent-fullwidth non-hundred-percent-height-scrolling\" style=\"--awb-border-radius-top-left:0px;--awb-border-radius-top-right:0px;--awb-border-radius-bottom-right:0px;--awb-border-radius-bottom-left:0px;--awb-padding-bottom:40px;--awb-background-color:#f2f2f2;--awb-flex-wrap:wrap;\" ><div class=\"fusion-builder-row fusion-row fusion-flex-align-items-flex-start fusion-flex-content-wrap\" style=\"max-width:1248px;margin-left: calc(-4% \/ 2 );margin-right: calc(-4% \/ 2 );\"><div class=\"fusion-layout-column fusion_builder_column fusion-builder-column-5 fusion_builder_column_1_1 1_1 fusion-flex-column\" style=\"--awb-bg-size:cover;--awb-width-large:100%;--awb-margin-top-large:0px;--awb-spacing-right-large:1.92%;--awb-margin-bottom-large:20px;--awb-spacing-left-large:1.92%;--awb-width-medium:100%;--awb-order-medium:0;--awb-spacing-right-medium:1.92%;--awb-spacing-left-medium:1.92%;--awb-width-small:100%;--awb-order-small:0;--awb-spacing-right-small:1.92%;--awb-spacing-left-small:1.92%;\"><div class=\"fusion-column-wrapper fusion-column-has-shadow fusion-flex-justify-content-flex-start fusion-content-layout-column\"><div class=\"fusion-text fusion-text-5\"><h4><strong>Econom\u00eda<\/strong><\/h4>\n<\/div><div class=\"fusion-text fusion-text-6\"><p>A <strong>evoluci\u00f3n do PIB<\/strong> segue a mesma tendencia de crecemento que o conxunto de concellos galegos e da provincia da Coru\u00f1a. Tras un descenso inicial entre 2010 e 2012, sobe de maneira continuada ata 2020, onde se reduce nun -9,4% no municipio, rexistrando un impacto superior ao sufrido no Galicia (-7,7%) e na Coru\u00f1a (-10,5%), sendo esta a provincia con maior descenso do territorio galego.<\/p>\n<p>A <strong>Renda Bruta Dispo\u00f1ible <\/strong>(RBD) presenta a mesma tendencia de crecemento que o conxunto de Galicia e a provincia, pero superior cun 23,81%, a diferenza do 13% e 15% rexistrados en Galicia e na Coru\u00f1a no per\u00edodo entre 2002 e 2019. Este crecemento permitiu reducir a distancia entre os ingresos medios dos fogares de Galicia, A Coru\u00f1a e Vedra, ata alcanzar os 15.890 euros por habitante nesta localidade en 2019.<\/p>\n<p>En 2020, Vedra presenta un incremento nos seus ingresos do 2,81%, mostrando unha gran resistencia ante a crise econ\u00f3mica, ata que a renda se sit\u00faa en 16.340 euros.<\/p>\n<p>Usando o rexistro de afiliaci\u00f3ns \u00e1 seguridade social como unha estimaci\u00f3n do <strong>emprego <\/strong>municipal, entre os anos 2011 e 2022, Vedra experimentou un incremento do 8,81%. Se se analiza por sectores, o sector primario red\u00facese un -23,6%. O sector secundario rexistra un leve aumento cun 1,1%. O sector terciario aumenta cunha cifra entre o 14 e 17%.<\/p>\n<p>En 2022, Vedra ti\u00f1a unha <strong>taxa de actividade<\/strong> do 72%. A taxa de paro descende do 15,5% en 2011 ao 6,6% en 2022. Esta reduci\u00f3n d\u00e1se non unicamente polo aumento de persoas ocupadas, sen\u00f3n polo aumento da poboaci\u00f3n inactiva.<\/p>\n<\/div><\/div><\/div><div class=\"fusion-layout-column fusion_builder_column fusion-builder-column-6 fusion_builder_column_1_2 1_2 fusion-flex-column\" style=\"--awb-bg-size:cover;--awb-width-large:50%;--awb-margin-top-large:0px;--awb-spacing-right-large:3.84%;--awb-margin-bottom-large:20px;--awb-spacing-left-large:3.84%;--awb-width-medium:50%;--awb-order-medium:0;--awb-spacing-right-medium:3.84%;--awb-spacing-left-medium:3.84%;--awb-width-small:100%;--awb-order-small:0;--awb-spacing-right-small:1.92%;--awb-spacing-left-small:1.92%;\"><div class=\"fusion-column-wrapper fusion-column-has-shadow fusion-flex-justify-content-flex-start fusion-content-layout-column\"><div class=\"fusion-image-element awb-imageframe-style awb-imageframe-style-below awb-imageframe-style-5\" style=\"text-align:center;--awb-caption-margin-right:30px;--awb-caption-margin-left:30px;--awb-caption-title-font-family:var(--h2_typography-font-family);--awb-caption-title-font-weight:var(--h2_typography-font-weight);--awb-caption-title-font-style:var(--h2_typography-font-style);--awb-caption-title-size:var(--h2_typography-font-size);--awb-caption-title-transform:var(--h2_typography-text-transform);--awb-caption-title-line-height:var(--h2_typography-line-height);--awb-caption-title-letter-spacing:var(--h2_typography-letter-spacing);\"><span class=\" fusion-imageframe imageframe-none imageframe-5 hover-type-none\"><img decoding=\"async\" width=\"800\" height=\"492\" title=\"RBD_vedra_ing\" src=\"https:\/\/ec4rural.webs.uvigo.gal\/wp-content\/uploads\/2024\/06\/RBD_vedra_ing-800x492.png\" alt class=\"img-responsive wp-image-2533\" srcset=\"https:\/\/ec4rural.webs.uvigo.gal\/wp-content\/uploads\/2024\/06\/RBD_vedra_ing-200x123.png 200w, https:\/\/ec4rural.webs.uvigo.gal\/wp-content\/uploads\/2024\/06\/RBD_vedra_ing-400x246.png 400w, https:\/\/ec4rural.webs.uvigo.gal\/wp-content\/uploads\/2024\/06\/RBD_vedra_ing-600x369.png 600w, https:\/\/ec4rural.webs.uvigo.gal\/wp-content\/uploads\/2024\/06\/RBD_vedra_ing-800x492.png 800w, https:\/\/ec4rural.webs.uvigo.gal\/wp-content\/uploads\/2024\/06\/RBD_vedra_ing-1200x738.png 1200w\" sizes=\"(max-width: 640px) 100vw, 600px\" \/><\/span><div class=\"awb-imageframe-caption-container\"><div class=\"awb-imageframe-caption\"><h2 class=\"awb-imageframe-caption-title\"> <\/h2><p class=\"awb-imageframe-caption-text\">Evoluci\u00f3n de la Renta Bruta Disponible por habitante en Vedra, A Coru\u00f1a y Galicia.<\/p><\/div><\/div><\/div><\/div><\/div><div class=\"fusion-layout-column fusion_builder_column fusion-builder-column-7 fusion_builder_column_1_2 1_2 fusion-flex-column\" style=\"--awb-bg-size:cover;--awb-width-large:50%;--awb-margin-top-large:0px;--awb-spacing-right-large:3.84%;--awb-margin-bottom-large:20px;--awb-spacing-left-large:3.84%;--awb-width-medium:50%;--awb-order-medium:0;--awb-spacing-right-medium:3.84%;--awb-spacing-left-medium:3.84%;--awb-width-small:100%;--awb-order-small:0;--awb-spacing-right-small:1.92%;--awb-spacing-left-small:1.92%;\"><div class=\"fusion-column-wrapper fusion-column-has-shadow fusion-flex-justify-content-flex-start fusion-content-layout-column\"><div class=\"fusion-image-element awb-imageframe-style awb-imageframe-style-below awb-imageframe-style-6\" style=\"text-align:center;--awb-caption-margin-right:30px;--awb-caption-margin-left:30px;--awb-caption-title-font-family:var(--h2_typography-font-family);--awb-caption-title-font-weight:var(--h2_typography-font-weight);--awb-caption-title-font-style:var(--h2_typography-font-style);--awb-caption-title-size:var(--h2_typography-font-size);--awb-caption-title-transform:var(--h2_typography-text-transform);--awb-caption-title-line-height:var(--h2_typography-line-height);--awb-caption-title-letter-spacing:var(--h2_typography-letter-spacing);\"><span class=\" fusion-imageframe imageframe-none imageframe-6 hover-type-none\"><img decoding=\"async\" width=\"800\" height=\"455\" title=\"tasas_vedra_ing\" src=\"https:\/\/ec4rural.webs.uvigo.gal\/wp-content\/uploads\/2024\/06\/tasas_vedra_ing-800x455.png\" alt class=\"img-responsive wp-image-2536\" srcset=\"https:\/\/ec4rural.webs.uvigo.gal\/wp-content\/uploads\/2024\/06\/tasas_vedra_ing-200x114.png 200w, https:\/\/ec4rural.webs.uvigo.gal\/wp-content\/uploads\/2024\/06\/tasas_vedra_ing-400x228.png 400w, https:\/\/ec4rural.webs.uvigo.gal\/wp-content\/uploads\/2024\/06\/tasas_vedra_ing-600x342.png 600w, https:\/\/ec4rural.webs.uvigo.gal\/wp-content\/uploads\/2024\/06\/tasas_vedra_ing-800x455.png 800w, https:\/\/ec4rural.webs.uvigo.gal\/wp-content\/uploads\/2024\/06\/tasas_vedra_ing-1200x683.png 1200w\" sizes=\"(max-width: 640px) 100vw, 600px\" \/><\/span><div class=\"awb-imageframe-caption-container\"><div class=\"awb-imageframe-caption\"><h2 class=\"awb-imageframe-caption-title\"> <\/h2><p class=\"awb-imageframe-caption-text\">Evoluci\u00f3n de las tasas de empleo, paro y actividad en el municipio de Vedra.<\/p><\/div><\/div><\/div><\/div><\/div><\/div><\/div><div class=\"fusion-fullwidth fullwidth-box fusion-builder-row-5 fusion-flex-container has-pattern-background has-mask-background nonhundred-percent-fullwidth non-hundred-percent-height-scrolling\" style=\"--awb-border-radius-top-left:0px;--awb-border-radius-top-right:0px;--awb-border-radius-bottom-right:0px;--awb-border-radius-bottom-left:0px;--awb-flex-wrap:wrap;\" ><div class=\"fusion-builder-row fusion-row fusion-flex-align-items-flex-start fusion-flex-content-wrap\" style=\"max-width:1248px;margin-left: calc(-4% \/ 2 );margin-right: calc(-4% \/ 2 );\"><div class=\"fusion-layout-column fusion_builder_column fusion-builder-column-8 fusion_builder_column_1_1 1_1 fusion-flex-column\" style=\"--awb-bg-size:cover;--awb-width-large:100%;--awb-margin-top-large:0px;--awb-spacing-right-large:1.92%;--awb-margin-bottom-large:20px;--awb-spacing-left-large:1.92%;--awb-width-medium:100%;--awb-order-medium:0;--awb-spacing-right-medium:1.92%;--awb-spacing-left-medium:1.92%;--awb-width-small:100%;--awb-order-small:0;--awb-spacing-right-small:1.92%;--awb-spacing-left-small:1.92%;\"><div class=\"fusion-column-wrapper fusion-column-has-shadow fusion-flex-justify-content-flex-start fusion-content-layout-column\"><div class=\"fusion-text fusion-text-7\"><h4><strong>Recursos enerx\u00e9ticos<\/strong><\/h4>\n<\/div><div class=\"fusion-text fusion-text-8\"><p>Vedra ten en funcionamento d\u00faas instalaci\u00f3ns de produci\u00f3n de <strong>enerx\u00eda el\u00e9ctrica fotovoltaica<\/strong>, cunha potencia total instalada de 34,8 kW, que se distrib\u00faen do seguinte xeito: 15 e 19,8 kW. A instalaci\u00f3n de maior potencia, citada en segundo lugar, ten data de rexistro de febreiro de 2007, mentres que a primeira, de menor potencia instalada, rexistrouse con data de setembro de 2008.<\/p>\n<p>A pesar diso, a diversificaci\u00f3n das fontes de enerx\u00eda renovables \u00e9 fundamental para reforzar a resiliencia enerx\u00e9tica do municipio e maximizar o seu potencial econ\u00f3mico. A expansi\u00f3n doutras formas de enerx\u00eda renovable, como a solar, a hidroel\u00e9ctrica ou a biomasa, non s\u00f3 contribuir\u00eda a reducir a dependencia dunha soa fonte, sen\u00f3n que tam\u00e9n poder\u00eda xerar novas oportunidades econ\u00f3micas e de emprego na zona.<\/p>\n<p>O <strong>consumo el\u00e9ctrico<\/strong> de Vedra en 2023 foi do 9.891,11 MWh. O consumo residencial foi de 6.635,79 MWh. O consumo dos servizos, inclu\u00eddos os municipais, foi de 2.649,96 MWh. A industria consumiu 605,36 MWh.<\/p>\n<\/div><\/div><\/div><\/div><\/div><\/p>\n","protected":false},"excerpt":{"rendered":"","protected":false},"author":1,"featured_media":0,"parent":0,"menu_order":0,"comment_status":"closed","ping_status":"closed","template":"100-width.php","meta":{"footnotes":""},"yoast_head":"<!-- This site is optimized with the Yoast SEO plugin v23.8 - https:\/\/yoast.com\/wordpress\/plugins\/seo\/ -->\n<title>Vedra - EC4RURAL<\/title>\n<meta name=\"robots\" content=\"index, follow, max-snippet:-1, max-image-preview:large, max-video-preview:-1\" \/>\n<link rel=\"canonical\" href=\"https:\/\/ec4rural.webs.uvigo.gal\/gl\/vedra\/\" \/>\n<meta property=\"og:locale\" content=\"gl_ES\" \/>\n<meta property=\"og:type\" content=\"article\" \/>\n<meta property=\"og:title\" content=\"Vedra - EC4RURAL\" \/>\n<meta property=\"og:url\" content=\"https:\/\/ec4rural.webs.uvigo.gal\/gl\/vedra\/\" \/>\n<meta property=\"og:site_name\" content=\"EC4RURAL\" \/>\n<meta property=\"article:modified_time\" content=\"2024-07-05T12:06:43+00:00\" \/>\n<meta name=\"twitter:card\" content=\"summary_large_image\" \/>\n<meta name=\"twitter:label1\" content=\"Tempo de lectura\" \/>\n\t<meta name=\"twitter:data1\" content=\"5 minutos\" \/>\n<script type=\"application\/ld+json\" class=\"yoast-schema-graph\">{\"@context\":\"https:\/\/schema.org\",\"@graph\":[{\"@type\":\"WebPage\",\"@id\":\"https:\/\/ec4rural.webs.uvigo.gal\/gl\/vedra\/\",\"url\":\"https:\/\/ec4rural.webs.uvigo.gal\/gl\/vedra\/\",\"name\":\"Vedra - EC4RURAL\",\"isPartOf\":{\"@id\":\"https:\/\/ec4rural.webs.uvigo.gal\/gl\/#website\"},\"datePublished\":\"2024-06-11T20:06:30+00:00\",\"dateModified\":\"2024-07-05T12:06:43+00:00\",\"breadcrumb\":{\"@id\":\"https:\/\/ec4rural.webs.uvigo.gal\/gl\/vedra\/#breadcrumb\"},\"inLanguage\":\"gl-ES\",\"potentialAction\":[{\"@type\":\"ReadAction\",\"target\":[\"https:\/\/ec4rural.webs.uvigo.gal\/gl\/vedra\/\"]}]},{\"@type\":\"BreadcrumbList\",\"@id\":\"https:\/\/ec4rural.webs.uvigo.gal\/gl\/vedra\/#breadcrumb\",\"itemListElement\":[{\"@type\":\"ListItem\",\"position\":1,\"name\":\"Portada\",\"item\":\"https:\/\/ec4rural.webs.uvigo.gal\/gl\/\"},{\"@type\":\"ListItem\",\"position\":2,\"name\":\"Vedra\"}]},{\"@type\":\"WebSite\",\"@id\":\"https:\/\/ec4rural.webs.uvigo.gal\/gl\/#website\",\"url\":\"https:\/\/ec4rural.webs.uvigo.gal\/gl\/\",\"name\":\"EC4RURAL\",\"description\":\"\",\"potentialAction\":[{\"@type\":\"SearchAction\",\"target\":{\"@type\":\"EntryPoint\",\"urlTemplate\":\"https:\/\/ec4rural.webs.uvigo.gal\/gl\/?s={search_term_string}\"},\"query-input\":{\"@type\":\"PropertyValueSpecification\",\"valueRequired\":true,\"valueName\":\"search_term_string\"}}],\"inLanguage\":\"gl-ES\"}]}<\/script>\n<!-- \/ Yoast SEO plugin. -->","yoast_head_json":{"title":"Vedra - EC4RURAL","robots":{"index":"index","follow":"follow","max-snippet":"max-snippet:-1","max-image-preview":"max-image-preview:large","max-video-preview":"max-video-preview:-1"},"canonical":"https:\/\/ec4rural.webs.uvigo.gal\/gl\/vedra\/","og_locale":"gl_ES","og_type":"article","og_title":"Vedra - EC4RURAL","og_url":"https:\/\/ec4rural.webs.uvigo.gal\/gl\/vedra\/","og_site_name":"EC4RURAL","article_modified_time":"2024-07-05T12:06:43+00:00","twitter_card":"summary_large_image","twitter_misc":{"Tempo de lectura":"5 minutos"},"schema":{"@context":"https:\/\/schema.org","@graph":[{"@type":"WebPage","@id":"https:\/\/ec4rural.webs.uvigo.gal\/gl\/vedra\/","url":"https:\/\/ec4rural.webs.uvigo.gal\/gl\/vedra\/","name":"Vedra - EC4RURAL","isPartOf":{"@id":"https:\/\/ec4rural.webs.uvigo.gal\/gl\/#website"},"datePublished":"2024-06-11T20:06:30+00:00","dateModified":"2024-07-05T12:06:43+00:00","breadcrumb":{"@id":"https:\/\/ec4rural.webs.uvigo.gal\/gl\/vedra\/#breadcrumb"},"inLanguage":"gl-ES","potentialAction":[{"@type":"ReadAction","target":["https:\/\/ec4rural.webs.uvigo.gal\/gl\/vedra\/"]}]},{"@type":"BreadcrumbList","@id":"https:\/\/ec4rural.webs.uvigo.gal\/gl\/vedra\/#breadcrumb","itemListElement":[{"@type":"ListItem","position":1,"name":"Portada","item":"https:\/\/ec4rural.webs.uvigo.gal\/gl\/"},{"@type":"ListItem","position":2,"name":"Vedra"}]},{"@type":"WebSite","@id":"https:\/\/ec4rural.webs.uvigo.gal\/gl\/#website","url":"https:\/\/ec4rural.webs.uvigo.gal\/gl\/","name":"EC4RURAL","description":"","potentialAction":[{"@type":"SearchAction","target":{"@type":"EntryPoint","urlTemplate":"https:\/\/ec4rural.webs.uvigo.gal\/gl\/?s={search_term_string}"},"query-input":{"@type":"PropertyValueSpecification","valueRequired":true,"valueName":"search_term_string"}}],"inLanguage":"gl-ES"}]}},"_links":{"self":[{"href":"https:\/\/ec4rural.webs.uvigo.gal\/gl\/wp-json\/wp\/v2\/pages\/2998"}],"collection":[{"href":"https:\/\/ec4rural.webs.uvigo.gal\/gl\/wp-json\/wp\/v2\/pages"}],"about":[{"href":"https:\/\/ec4rural.webs.uvigo.gal\/gl\/wp-json\/wp\/v2\/types\/page"}],"author":[{"embeddable":true,"href":"https:\/\/ec4rural.webs.uvigo.gal\/gl\/wp-json\/wp\/v2\/users\/1"}],"replies":[{"embeddable":true,"href":"https:\/\/ec4rural.webs.uvigo.gal\/gl\/wp-json\/wp\/v2\/comments?post=2998"}],"version-history":[{"count":14,"href":"https:\/\/ec4rural.webs.uvigo.gal\/gl\/wp-json\/wp\/v2\/pages\/2998\/revisions"}],"predecessor-version":[{"id":3408,"href":"https:\/\/ec4rural.webs.uvigo.gal\/gl\/wp-json\/wp\/v2\/pages\/2998\/revisions\/3408"}],"wp:attachment":[{"href":"https:\/\/ec4rural.webs.uvigo.gal\/gl\/wp-json\/wp\/v2\/media?parent=2998"}],"curies":[{"name":"wp","href":"https:\/\/api.w.org\/{rel}","templated":true}]}}