{"id":2977,"date":"2024-06-11T21:04:00","date_gmt":"2024-06-11T19:04:00","guid":{"rendered":"https:\/\/ec4rural.webs.uvigo.gal\/tordoia\/"},"modified":"2024-07-05T13:27:00","modified_gmt":"2024-07-05T11:27:00","slug":"tordoia","status":"publish","type":"page","link":"https:\/\/ec4rural.webs.uvigo.gal\/gl\/tordoia\/","title":{"rendered":"Tordoia"},"content":{"rendered":"<p><div class=\"fusion-fullwidth fullwidth-box fusion-builder-row-1 fusion-flex-container has-pattern-background has-mask-background nonhundred-percent-fullwidth non-hundred-percent-height-scrolling\" style=\"--awb-border-radius-top-left:0px;--awb-border-radius-top-right:0px;--awb-border-radius-bottom-right:0px;--awb-border-radius-bottom-left:0px;--awb-padding-top:50px;--awb-padding-bottom:30px;--awb-margin-top:30px;--awb-margin-bottom:40px;--awb-flex-wrap:wrap;\" ><div class=\"fusion-builder-row fusion-row fusion-flex-align-items-flex-start fusion-flex-content-wrap\" style=\"max-width:1248px;margin-left: calc(-4% \/ 2 );margin-right: calc(-4% \/ 2 );\"><div class=\"fusion-layout-column fusion_builder_column fusion-builder-column-0 fusion_builder_column_1_1 1_1 fusion-flex-column\" style=\"--awb-bg-size:cover;--awb-width-large:100%;--awb-margin-top-large:0px;--awb-spacing-right-large:1.92%;--awb-margin-bottom-large:20px;--awb-spacing-left-large:1.92%;--awb-width-medium:100%;--awb-order-medium:0;--awb-spacing-right-medium:1.92%;--awb-spacing-left-medium:1.92%;--awb-width-small:100%;--awb-order-small:0;--awb-spacing-right-small:1.92%;--awb-spacing-left-small:1.92%;\"><div class=\"fusion-column-wrapper fusion-column-has-shadow fusion-flex-justify-content-flex-start fusion-content-layout-column\"><div class=\"fusion-image-element \" style=\"text-align:center;--awb-caption-title-font-family:var(--h2_typography-font-family);--awb-caption-title-font-weight:var(--h2_typography-font-weight);--awb-caption-title-font-style:var(--h2_typography-font-style);--awb-caption-title-size:var(--h2_typography-font-size);--awb-caption-title-transform:var(--h2_typography-text-transform);--awb-caption-title-line-height:var(--h2_typography-line-height);--awb-caption-title-letter-spacing:var(--h2_typography-letter-spacing);\"><span class=\" fusion-imageframe imageframe-none imageframe-1 hover-type-none\"><img decoding=\"async\" width=\"259\" height=\"100\" title=\"logo Tordoia\" src=\"https:\/\/ec4rural.webs.uvigo.gal\/wp-content\/uploads\/2024\/06\/logo-Tordoia.jpg\" alt class=\"img-responsive wp-image-2502\" srcset=\"https:\/\/ec4rural.webs.uvigo.gal\/wp-content\/uploads\/2024\/06\/logo-Tordoia-200x77.jpg 200w, https:\/\/ec4rural.webs.uvigo.gal\/wp-content\/uploads\/2024\/06\/logo-Tordoia.jpg 259w\" sizes=\"(max-width: 640px) 100vw, 259px\" \/><\/span><\/div><\/div><\/div><\/div><\/div><div class=\"fusion-fullwidth fullwidth-box fusion-builder-row-2 fusion-flex-container has-pattern-background has-mask-background nonhundred-percent-fullwidth non-hundred-percent-height-scrolling\" style=\"--awb-border-radius-top-left:0px;--awb-border-radius-top-right:0px;--awb-border-radius-bottom-right:0px;--awb-border-radius-bottom-left:0px;--awb-padding-bottom:40px;--awb-background-color:#f2f2f2;--awb-flex-wrap:wrap;\" ><div class=\"fusion-builder-row fusion-row fusion-flex-align-items-flex-start fusion-flex-content-wrap\" style=\"max-width:1248px;margin-left: calc(-4% \/ 2 );margin-right: calc(-4% \/ 2 );\"><div class=\"fusion-layout-column fusion_builder_column fusion-builder-column-1 fusion_builder_column_1_1 1_1 fusion-flex-column\" style=\"--awb-bg-size:cover;--awb-width-large:100%;--awb-margin-top-large:0px;--awb-spacing-right-large:1.92%;--awb-margin-bottom-large:20px;--awb-spacing-left-large:1.92%;--awb-width-medium:100%;--awb-order-medium:0;--awb-spacing-right-medium:1.92%;--awb-spacing-left-medium:1.92%;--awb-width-small:100%;--awb-order-small:0;--awb-spacing-right-small:1.92%;--awb-spacing-left-small:1.92%;\"><div class=\"fusion-column-wrapper fusion-column-has-shadow fusion-flex-justify-content-flex-start fusion-content-layout-column\"><div class=\"fusion-text fusion-text-1\"><h4><strong>Introduci\u00f3n<\/strong><\/h4>\n<\/div><div class=\"fusion-text fusion-text-2\"><p>O <a href=\"https:\/\/www.tordoia.es\/\">Concello de Tordoia<\/a> sit\u00faase na comarca da Terra de Ordes, no centro da provincia da Coru\u00f1a e a 27 quil\u00f3metros da capital provincial. \u00c9 un territorio de 3.200 habitantes que ten unha extensi\u00f3n de 124,55 quil\u00f3metros cadrados e presenta un grao de urbanizaci\u00f3n de Zona Pouco Poboada, segundo o Instituto Galego de Estat\u00edstica.<\/p>\n<p>Pertence ao <a href=\"https:\/\/www.asdecomor.com\/\">Grupo de Desenvolvemento Rural Comarca de Ordes<\/a> (GDR21).<\/p>\n<\/div><div class=\"fusion-image-element \" style=\"text-align:center;--awb-margin-top:20px;--awb-caption-title-font-family:var(--h2_typography-font-family);--awb-caption-title-font-weight:var(--h2_typography-font-weight);--awb-caption-title-font-style:var(--h2_typography-font-style);--awb-caption-title-size:var(--h2_typography-font-size);--awb-caption-title-transform:var(--h2_typography-text-transform);--awb-caption-title-line-height:var(--h2_typography-line-height);--awb-caption-title-letter-spacing:var(--h2_typography-letter-spacing);\"><span class=\" fusion-imageframe imageframe-none imageframe-2 hover-type-none\"><img decoding=\"async\" width=\"800\" height=\"566\" title=\"TORDOIA_LOCALIZACION\" src=\"https:\/\/ec4rural.webs.uvigo.gal\/wp-content\/uploads\/2024\/06\/TORDOIA_LOCALIZACION-800x566.jpg\" alt class=\"img-responsive wp-image-2505\" srcset=\"https:\/\/ec4rural.webs.uvigo.gal\/wp-content\/uploads\/2024\/06\/TORDOIA_LOCALIZACION-200x141.jpg 200w, https:\/\/ec4rural.webs.uvigo.gal\/wp-content\/uploads\/2024\/06\/TORDOIA_LOCALIZACION-400x283.jpg 400w, https:\/\/ec4rural.webs.uvigo.gal\/wp-content\/uploads\/2024\/06\/TORDOIA_LOCALIZACION-600x424.jpg 600w, https:\/\/ec4rural.webs.uvigo.gal\/wp-content\/uploads\/2024\/06\/TORDOIA_LOCALIZACION-800x566.jpg 800w, https:\/\/ec4rural.webs.uvigo.gal\/wp-content\/uploads\/2024\/06\/TORDOIA_LOCALIZACION-1200x849.jpg 1200w\" sizes=\"(max-width: 640px) 100vw, 1200px\" \/><\/span><\/div><\/div><\/div><\/div><\/div><div class=\"fusion-fullwidth fullwidth-box fusion-builder-row-3 fusion-flex-container has-pattern-background has-mask-background nonhundred-percent-fullwidth non-hundred-percent-height-scrolling\" style=\"--awb-border-radius-top-left:0px;--awb-border-radius-top-right:0px;--awb-border-radius-bottom-right:0px;--awb-border-radius-bottom-left:0px;--awb-padding-bottom:40px;--awb-margin-bottom:40px;--awb-flex-wrap:wrap;\" ><div class=\"fusion-builder-row fusion-row fusion-flex-align-items-flex-start fusion-flex-content-wrap\" style=\"max-width:1248px;margin-left: calc(-4% \/ 2 );margin-right: calc(-4% \/ 2 );\"><div class=\"fusion-layout-column fusion_builder_column fusion-builder-column-2 fusion_builder_column_1_1 1_1 fusion-flex-column\" style=\"--awb-bg-size:cover;--awb-width-large:100%;--awb-margin-top-large:0px;--awb-spacing-right-large:1.92%;--awb-margin-bottom-large:20px;--awb-spacing-left-large:1.92%;--awb-width-medium:100%;--awb-order-medium:0;--awb-spacing-right-medium:1.92%;--awb-spacing-left-medium:1.92%;--awb-width-small:100%;--awb-order-small:0;--awb-spacing-right-small:1.92%;--awb-spacing-left-small:1.92%;\"><div class=\"fusion-column-wrapper fusion-column-has-shadow fusion-flex-justify-content-flex-start fusion-content-layout-column\"><div class=\"fusion-text fusion-text-3\"><h4><strong>Poboaci\u00f3n e estrutura demogr\u00e1fica<\/strong><\/h4>\n<\/div><div class=\"fusion-text fusion-text-4\"><p>A <strong>poboaci\u00f3n<\/strong> de Tordoia experimentou unha tendencia demogr\u00e1fica negativa durante o per\u00edodo de 1991 ata 2022. A poboaci\u00f3n diminu\u00edu en m\u00e1is de 2.600 habitantes, cunha reduci\u00f3n do 45,4%, moi superior ao descenso do 1,5% rexistrado para Galicia.<\/p>\n<p>De 2012 a 2022, Tordoia seguiu experimentando un descenso demogr\u00e1fico, con reduci\u00f3ns do -18,6%. Tanto na provincia da Coru\u00f1a como en Galicia acontece este descenso cun -2,16% e cun -3,3% respectivamente.<\/p>\n<p>Obs\u00e9rvase tam\u00e9n un cambio na distribuci\u00f3n por idades que xerou un progresivo envellecemento da s\u00faa poboaci\u00f3n. De 2012 a 2022, o grupo de idade laboral foi o que presentou maior perda poboacional, cunha reduci\u00f3n do -28%, con 657 persoas menos. As persoas maiores de 64 anos son un 5% menos que hai dez anos. Os mozos e as mozas menores de 16 anos diminu\u00edron lixeiramente, mantendo o n\u00famero estable ao longo desta d\u00e9cada, pero presentando unha reduci\u00f3n do 44%.<\/p>\n<p>Este proceso de envellecemento demogr\u00e1fico ponse de manifesto na estrutura da pir\u00e1mide poboacional, cun estreitamento da base e unha ampliaci\u00f3n dos tramos superiores. En 2022, a idade media da poboaci\u00f3n de Tordoia era de 55 anos. Obs\u00e9rvase unha disparidade de x\u00e9nero en termos de idade media, sendo as mulleres maiores cunha idade media de 57 anos fronte aos case 52 anos e medio dos homes.<\/p>\n<p>O <strong>\u00edndice de dependencia global<\/strong> (IDG) en Tordoia alcanzou o 90% en 2022, despois de experimentar un aumento continuo dende 1998. Este valor reflicte unha maior carga para a poboaci\u00f3n en idade de traballar, que debe facer fronte \u00e1s necesidades e demandas dun proporci\u00f3n crecente de persoas dependentes. Este feito corrobora a tendencia de declive e envellecemento demogr\u00e1fico que est\u00e1 a vivir o municipio, que ten importantes consecuencias no \u00e1mbito social, econ\u00f3mico e cultural.<\/p>\n<\/div><\/div><\/div><div class=\"fusion-layout-column fusion_builder_column fusion-builder-column-3 fusion_builder_column_1_2 1_2 fusion-flex-column\" style=\"--awb-bg-size:cover;--awb-width-large:50%;--awb-margin-top-large:0px;--awb-spacing-right-large:3.84%;--awb-margin-bottom-large:20px;--awb-spacing-left-large:3.84%;--awb-width-medium:50%;--awb-order-medium:0;--awb-spacing-right-medium:3.84%;--awb-spacing-left-medium:3.84%;--awb-width-small:100%;--awb-order-small:0;--awb-spacing-right-small:1.92%;--awb-spacing-left-small:1.92%;\"><div class=\"fusion-column-wrapper fusion-column-has-shadow fusion-flex-justify-content-flex-start fusion-content-layout-column\"><div class=\"fusion-image-element awb-imageframe-style awb-imageframe-style-below awb-imageframe-style-3\" style=\"text-align:center;--awb-caption-title-font-family:var(--h2_typography-font-family);--awb-caption-title-font-weight:var(--h2_typography-font-weight);--awb-caption-title-font-style:var(--h2_typography-font-style);--awb-caption-title-size:var(--h2_typography-font-size);--awb-caption-title-transform:var(--h2_typography-text-transform);--awb-caption-title-line-height:var(--h2_typography-line-height);--awb-caption-title-letter-spacing:var(--h2_typography-letter-spacing);\"><span class=\" fusion-imageframe imageframe-none imageframe-3 hover-type-none\"><img decoding=\"async\" width=\"800\" height=\"430\" title=\"pob_tordo_ing\" src=\"https:\/\/ec4rural.webs.uvigo.gal\/wp-content\/uploads\/2024\/06\/pob_tordo_ing-800x430.png\" alt class=\"img-responsive wp-image-2511\" srcset=\"https:\/\/ec4rural.webs.uvigo.gal\/wp-content\/uploads\/2024\/06\/pob_tordo_ing-200x107.png 200w, https:\/\/ec4rural.webs.uvigo.gal\/wp-content\/uploads\/2024\/06\/pob_tordo_ing-400x215.png 400w, https:\/\/ec4rural.webs.uvigo.gal\/wp-content\/uploads\/2024\/06\/pob_tordo_ing-600x322.png 600w, https:\/\/ec4rural.webs.uvigo.gal\/wp-content\/uploads\/2024\/06\/pob_tordo_ing-800x430.png 800w, https:\/\/ec4rural.webs.uvigo.gal\/wp-content\/uploads\/2024\/06\/pob_tordo_ing-1200x645.png 1200w\" sizes=\"(max-width: 640px) 100vw, 600px\" \/><\/span><div class=\"awb-imageframe-caption-container\" style=\"text-align:center;\"><div class=\"awb-imageframe-caption\"><h2 class=\"awb-imageframe-caption-title\"> <\/h2><p class=\"awb-imageframe-caption-text\">Din\u00e1mica demogr\u00e1fica en Tordoia.<\/p><\/div><\/div><\/div><\/div><\/div><div class=\"fusion-layout-column fusion_builder_column fusion-builder-column-4 fusion_builder_column_1_2 1_2 fusion-flex-column\" style=\"--awb-bg-size:cover;--awb-width-large:50%;--awb-margin-top-large:0px;--awb-spacing-right-large:3.84%;--awb-margin-bottom-large:20px;--awb-spacing-left-large:3.84%;--awb-width-medium:50%;--awb-order-medium:0;--awb-spacing-right-medium:3.84%;--awb-spacing-left-medium:3.84%;--awb-width-small:100%;--awb-order-small:0;--awb-spacing-right-small:1.92%;--awb-spacing-left-small:1.92%;\"><div class=\"fusion-column-wrapper fusion-column-has-shadow fusion-flex-justify-content-flex-start fusion-content-layout-column\"><div class=\"fusion-image-element awb-imageframe-style awb-imageframe-style-below awb-imageframe-style-4\" style=\"text-align:center;--awb-caption-margin-right:30px;--awb-caption-margin-left:30px;--awb-caption-title-font-family:var(--h2_typography-font-family);--awb-caption-title-font-weight:var(--h2_typography-font-weight);--awb-caption-title-font-style:var(--h2_typography-font-style);--awb-caption-title-size:var(--h2_typography-font-size);--awb-caption-title-transform:var(--h2_typography-text-transform);--awb-caption-title-line-height:var(--h2_typography-line-height);--awb-caption-title-letter-spacing:var(--h2_typography-letter-spacing);\"><span class=\" fusion-imageframe imageframe-none imageframe-4 hover-type-none\"><img decoding=\"async\" width=\"800\" height=\"496\" title=\"IDG_tordo_ing\" src=\"https:\/\/ec4rural.webs.uvigo.gal\/wp-content\/uploads\/2024\/06\/IDG_tordo_ing-800x496.png\" alt class=\"img-responsive wp-image-2508\" srcset=\"https:\/\/ec4rural.webs.uvigo.gal\/wp-content\/uploads\/2024\/06\/IDG_tordo_ing-200x124.png 200w, https:\/\/ec4rural.webs.uvigo.gal\/wp-content\/uploads\/2024\/06\/IDG_tordo_ing-400x248.png 400w, https:\/\/ec4rural.webs.uvigo.gal\/wp-content\/uploads\/2024\/06\/IDG_tordo_ing-600x372.png 600w, https:\/\/ec4rural.webs.uvigo.gal\/wp-content\/uploads\/2024\/06\/IDG_tordo_ing-800x496.png 800w, https:\/\/ec4rural.webs.uvigo.gal\/wp-content\/uploads\/2024\/06\/IDG_tordo_ing-1200x744.png 1200w\" sizes=\"(max-width: 640px) 100vw, 600px\" \/><\/span><div class=\"awb-imageframe-caption-container\" style=\"text-align:center;\"><div class=\"awb-imageframe-caption\"><h2 class=\"awb-imageframe-caption-title\"> <\/h2><p class=\"awb-imageframe-caption-text\">Evoluci\u00f3n de la tasa de dependencia total de Tordoia, A Coru\u00f1a y Galicia.<\/p><\/div><\/div><\/div><\/div><\/div><\/div><\/div><div class=\"fusion-fullwidth fullwidth-box fusion-builder-row-4 fusion-flex-container has-pattern-background has-mask-background nonhundred-percent-fullwidth non-hundred-percent-height-scrolling\" style=\"--awb-border-radius-top-left:0px;--awb-border-radius-top-right:0px;--awb-border-radius-bottom-right:0px;--awb-border-radius-bottom-left:0px;--awb-padding-bottom:40px;--awb-background-color:#f2f2f2;--awb-flex-wrap:wrap;\" ><div class=\"fusion-builder-row fusion-row fusion-flex-align-items-flex-start fusion-flex-content-wrap\" style=\"max-width:1248px;margin-left: calc(-4% \/ 2 );margin-right: calc(-4% \/ 2 );\"><div class=\"fusion-layout-column fusion_builder_column fusion-builder-column-5 fusion_builder_column_1_1 1_1 fusion-flex-column\" style=\"--awb-bg-size:cover;--awb-width-large:100%;--awb-margin-top-large:0px;--awb-spacing-right-large:1.92%;--awb-margin-bottom-large:20px;--awb-spacing-left-large:1.92%;--awb-width-medium:100%;--awb-order-medium:0;--awb-spacing-right-medium:1.92%;--awb-spacing-left-medium:1.92%;--awb-width-small:100%;--awb-order-small:0;--awb-spacing-right-small:1.92%;--awb-spacing-left-small:1.92%;\"><div class=\"fusion-column-wrapper fusion-column-has-shadow fusion-flex-justify-content-flex-start fusion-content-layout-column\"><div class=\"fusion-text fusion-text-5\"><h4><strong>Econom\u00eda<\/strong><\/h4>\n<\/div><div class=\"fusion-text fusion-text-6\"><p>A <strong>evoluci\u00f3n do PIB<\/strong> presenta unha tendencia de crecemento positiva ao longo do per\u00edodo analizado, en contraste coa situaci\u00f3n observada no conxunto dos concellos galegos e na provincia da Coru\u00f1a. O municipio mantivo un crecemento medio do 0,9% ao longo da d\u00e9cada. Este crecemento sostido ten lugar mesmo en per\u00edodos de crise. Como resultado, o PIB de Tordoia experimentou un incremento do 9,4% ao longo da d\u00e9cada de 2010, ao contrario da reduci\u00f3n experimentada en Galicia, cun -2%, e na Coru\u00f1a, cun -0,26%. En 2022, o PIB municipal acabou alcanzando un valor pr\u00f3ximo aos 56,85 mill\u00f3ns de euros.<\/p>\n<p>A <strong>Renda Bruta Dispo\u00f1ible <\/strong>(RBD) amosa unha din\u00e1mica de crecemento con certa inestabilidade, caracterizada por per\u00edodos de crecemento significativo intercalados con per\u00edodos de diminuci\u00f3n. Ao longo do per\u00edodo examinado, o municipio creceu un 17%, superando o 10% rexistrado en Galicia e no conxunto da Coru\u00f1a.<\/p>\n<p>En 2019, a renda bruta por habitante de Tordoia situouse en 12.570 euros, catro mil euros por baixo da media galega. Ademais, a pandemia provocou un descenso xeral, reducindo en 2020 a renda per c\u00e1pita do municipio un -0,11%, unha reduci\u00f3n menor fronte \u00e1 ca\u00edda do -3% de Galicia e do -4,7% da provincia da Coru\u00f1a, que presenta unha maior resiliencia do municipio ante a crise econ\u00f3mica derivada da crise sanitaria.<\/p>\n<p>Usando o rexistro de afiliaci\u00f3ns \u00e1 seguridade social como unha estimaci\u00f3n do <strong>emprego <\/strong>municipal, entre os anos 2011 e 2022, Tordoia revela unha tendencia decrecente no n\u00famero de afiliaci\u00f3ns. Entre os anos 2011 e 2022, Tordoia experimentou un descenso do -13,75% no total de afiliaci\u00f3ns. O sector primario presenta unha reduci\u00f3n do -31%. O sector secundario rexistra unha reduci\u00f3n do -20,7%. O sector terciario ga\u00f1a peso cun incremento do n\u00famero de afiliados dun 8%, e \u00e9 o sector que conta con maior n\u00famero de afiliaci\u00f3ns.<\/p>\n<p>En 2022, Tordoia ti\u00f1a unha <strong>taxa de actividade<\/strong> do 76%. A taxa de ocupaci\u00f3n foi do 71% e a taxa de paro experimenta un descenso notable desde o 13,6% de 2011 ata o 8,3% de 2022, nivel similar ao observado nos grupos territoriais.<\/p>\n<\/div><\/div><\/div><div class=\"fusion-layout-column fusion_builder_column fusion-builder-column-6 fusion_builder_column_1_2 1_2 fusion-flex-column\" style=\"--awb-bg-size:cover;--awb-width-large:50%;--awb-margin-top-large:0px;--awb-spacing-right-large:3.84%;--awb-margin-bottom-large:20px;--awb-spacing-left-large:3.84%;--awb-width-medium:50%;--awb-order-medium:0;--awb-spacing-right-medium:3.84%;--awb-spacing-left-medium:3.84%;--awb-width-small:100%;--awb-order-small:0;--awb-spacing-right-small:1.92%;--awb-spacing-left-small:1.92%;\"><div class=\"fusion-column-wrapper fusion-column-has-shadow fusion-flex-justify-content-flex-start fusion-content-layout-column\"><div class=\"fusion-image-element awb-imageframe-style awb-imageframe-style-below awb-imageframe-style-5\" style=\"text-align:center;--awb-caption-margin-right:30px;--awb-caption-margin-left:30px;--awb-caption-title-font-family:var(--h2_typography-font-family);--awb-caption-title-font-weight:var(--h2_typography-font-weight);--awb-caption-title-font-style:var(--h2_typography-font-style);--awb-caption-title-size:var(--h2_typography-font-size);--awb-caption-title-transform:var(--h2_typography-text-transform);--awb-caption-title-line-height:var(--h2_typography-line-height);--awb-caption-title-letter-spacing:var(--h2_typography-letter-spacing);\"><span class=\" fusion-imageframe imageframe-none imageframe-5 hover-type-none\"><img decoding=\"async\" width=\"800\" height=\"492\" title=\"RBD_tordo_ing\" src=\"https:\/\/ec4rural.webs.uvigo.gal\/wp-content\/uploads\/2024\/06\/RBD_tordo_ing-800x492.png\" alt class=\"img-responsive wp-image-2514\" srcset=\"https:\/\/ec4rural.webs.uvigo.gal\/wp-content\/uploads\/2024\/06\/RBD_tordo_ing-200x123.png 200w, https:\/\/ec4rural.webs.uvigo.gal\/wp-content\/uploads\/2024\/06\/RBD_tordo_ing-400x246.png 400w, https:\/\/ec4rural.webs.uvigo.gal\/wp-content\/uploads\/2024\/06\/RBD_tordo_ing-600x369.png 600w, https:\/\/ec4rural.webs.uvigo.gal\/wp-content\/uploads\/2024\/06\/RBD_tordo_ing-800x492.png 800w, https:\/\/ec4rural.webs.uvigo.gal\/wp-content\/uploads\/2024\/06\/RBD_tordo_ing-1200x738.png 1200w\" sizes=\"(max-width: 640px) 100vw, 600px\" \/><\/span><div class=\"awb-imageframe-caption-container\"><div class=\"awb-imageframe-caption\"><h2 class=\"awb-imageframe-caption-title\"> <\/h2><p class=\"awb-imageframe-caption-text\">Evoluci\u00f3n da Renda Bruta Dispo\u00f1ible por habitante en Tordoia, A Coru\u00f1a e Galicia.<\/p><\/div><\/div><\/div><\/div><\/div><div class=\"fusion-layout-column fusion_builder_column fusion-builder-column-7 fusion_builder_column_1_2 1_2 fusion-flex-column\" style=\"--awb-bg-size:cover;--awb-width-large:50%;--awb-margin-top-large:0px;--awb-spacing-right-large:3.84%;--awb-margin-bottom-large:20px;--awb-spacing-left-large:3.84%;--awb-width-medium:50%;--awb-order-medium:0;--awb-spacing-right-medium:3.84%;--awb-spacing-left-medium:3.84%;--awb-width-small:100%;--awb-order-small:0;--awb-spacing-right-small:1.92%;--awb-spacing-left-small:1.92%;\"><div class=\"fusion-column-wrapper fusion-column-has-shadow fusion-flex-justify-content-flex-start fusion-content-layout-column\"><div class=\"fusion-image-element awb-imageframe-style awb-imageframe-style-below awb-imageframe-style-6\" style=\"text-align:center;--awb-caption-margin-right:30px;--awb-caption-margin-left:30px;--awb-caption-title-font-family:var(--h2_typography-font-family);--awb-caption-title-font-weight:var(--h2_typography-font-weight);--awb-caption-title-font-style:var(--h2_typography-font-style);--awb-caption-title-size:var(--h2_typography-font-size);--awb-caption-title-transform:var(--h2_typography-text-transform);--awb-caption-title-line-height:var(--h2_typography-line-height);--awb-caption-title-letter-spacing:var(--h2_typography-letter-spacing);\"><span class=\" fusion-imageframe imageframe-none imageframe-6 hover-type-none\"><img decoding=\"async\" width=\"800\" height=\"455\" title=\"tasas_tordo_ing\" src=\"https:\/\/ec4rural.webs.uvigo.gal\/wp-content\/uploads\/2024\/06\/tasas_tordo_ing-800x455.png\" alt class=\"img-responsive wp-image-2517\" srcset=\"https:\/\/ec4rural.webs.uvigo.gal\/wp-content\/uploads\/2024\/06\/tasas_tordo_ing-200x114.png 200w, https:\/\/ec4rural.webs.uvigo.gal\/wp-content\/uploads\/2024\/06\/tasas_tordo_ing-400x228.png 400w, https:\/\/ec4rural.webs.uvigo.gal\/wp-content\/uploads\/2024\/06\/tasas_tordo_ing-600x342.png 600w, https:\/\/ec4rural.webs.uvigo.gal\/wp-content\/uploads\/2024\/06\/tasas_tordo_ing-800x455.png 800w, https:\/\/ec4rural.webs.uvigo.gal\/wp-content\/uploads\/2024\/06\/tasas_tordo_ing-1200x683.png 1200w\" sizes=\"(max-width: 640px) 100vw, 600px\" \/><\/span><div class=\"awb-imageframe-caption-container\"><div class=\"awb-imageframe-caption\"><h2 class=\"awb-imageframe-caption-title\"> <\/h2><p class=\"awb-imageframe-caption-text\">Evoluci\u00f3n das taxas de emprego, paro e actividade no municipio de Tordoia.<\/p><\/div><\/div><\/div><\/div><\/div><\/div><\/div><div class=\"fusion-fullwidth fullwidth-box fusion-builder-row-5 fusion-flex-container has-pattern-background has-mask-background nonhundred-percent-fullwidth non-hundred-percent-height-scrolling\" style=\"--awb-border-radius-top-left:0px;--awb-border-radius-top-right:0px;--awb-border-radius-bottom-right:0px;--awb-border-radius-bottom-left:0px;--awb-flex-wrap:wrap;\" ><div class=\"fusion-builder-row fusion-row fusion-flex-align-items-flex-start fusion-flex-content-wrap\" style=\"max-width:1248px;margin-left: calc(-4% \/ 2 );margin-right: calc(-4% \/ 2 );\"><div class=\"fusion-layout-column fusion_builder_column fusion-builder-column-8 fusion_builder_column_1_1 1_1 fusion-flex-column\" style=\"--awb-bg-size:cover;--awb-width-large:100%;--awb-margin-top-large:0px;--awb-spacing-right-large:1.92%;--awb-margin-bottom-large:20px;--awb-spacing-left-large:1.92%;--awb-width-medium:100%;--awb-order-medium:0;--awb-spacing-right-medium:1.92%;--awb-spacing-left-medium:1.92%;--awb-width-small:100%;--awb-order-small:0;--awb-spacing-right-small:1.92%;--awb-spacing-left-small:1.92%;\"><div class=\"fusion-column-wrapper fusion-column-has-shadow fusion-flex-justify-content-flex-start fusion-content-layout-column\"><div class=\"fusion-text fusion-text-7\"><h4><strong>Recursos enerx\u00e9ticos<\/strong><\/h4>\n<\/div><div class=\"fusion-text fusion-text-8\"><p>Tordoia conta cunha importante <strong>infraestrutura enerx\u00e9tica baseada en fontes renovables<\/strong>, en concreto e\u00f3lica. A potencia e\u00f3lica instalada \u00e9 de 4,62 MW en 2022, distribu\u00eddos entre 7 aeroxeradores que alcanzan unha produci\u00f3n media anual de entre 7.320 e 12.250 MW. Non obstante, unha maior diversificaci\u00f3n das fontes de enerx\u00eda renovables \u00e9 fundamental para reforzar a resiliencia enerx\u00e9tica do municipio e maximizar o seu potencial econ\u00f3mico. A expansi\u00f3n doutras formas de enerx\u00eda renovable, como a solar fotovoltaica ou a biomasa, non s\u00f3 contribuir\u00eda a reducir a dependencia dunha soa fonte, sen\u00f3n que poder\u00eda xerar novas oportunidades econ\u00f3micas e de emprego na zona.<\/p>\n<p>O <strong>consumo el\u00e9ctrico<\/strong> de Tordoia en 2023 foi estimado de 6.169,95 MWh. O consumo residencial foi de 3.737,64 MWh. O consumo dos servizos, inclu\u00eddos os municipais, foi de 1.617,33 MWh. A industria consumiu 814,98 MWh.<\/p>\n<\/div><\/div><\/div><\/div><\/div><\/p>\n","protected":false},"excerpt":{"rendered":"","protected":false},"author":1,"featured_media":0,"parent":0,"menu_order":0,"comment_status":"closed","ping_status":"closed","template":"100-width.php","meta":{"footnotes":""},"yoast_head":"<!-- This site is optimized with the Yoast SEO plugin v23.8 - https:\/\/yoast.com\/wordpress\/plugins\/seo\/ -->\n<title>Tordoia - EC4RURAL<\/title>\n<meta name=\"robots\" content=\"index, follow, max-snippet:-1, max-image-preview:large, max-video-preview:-1\" \/>\n<link rel=\"canonical\" href=\"https:\/\/ec4rural.webs.uvigo.gal\/gl\/tordoia\/\" \/>\n<meta property=\"og:locale\" content=\"gl_ES\" \/>\n<meta property=\"og:type\" content=\"article\" \/>\n<meta property=\"og:title\" content=\"Tordoia - EC4RURAL\" \/>\n<meta property=\"og:url\" content=\"https:\/\/ec4rural.webs.uvigo.gal\/gl\/tordoia\/\" \/>\n<meta property=\"og:site_name\" content=\"EC4RURAL\" \/>\n<meta property=\"article:modified_time\" content=\"2024-07-05T11:27:00+00:00\" \/>\n<meta name=\"twitter:card\" content=\"summary_large_image\" \/>\n<meta name=\"twitter:label1\" content=\"Tempo de lectura\" \/>\n\t<meta name=\"twitter:data1\" content=\"6 minutos\" \/>\n<script type=\"application\/ld+json\" class=\"yoast-schema-graph\">{\"@context\":\"https:\/\/schema.org\",\"@graph\":[{\"@type\":\"WebPage\",\"@id\":\"https:\/\/ec4rural.webs.uvigo.gal\/gl\/tordoia\/\",\"url\":\"https:\/\/ec4rural.webs.uvigo.gal\/gl\/tordoia\/\",\"name\":\"Tordoia - EC4RURAL\",\"isPartOf\":{\"@id\":\"https:\/\/ec4rural.webs.uvigo.gal\/gl\/#website\"},\"datePublished\":\"2024-06-11T19:04:00+00:00\",\"dateModified\":\"2024-07-05T11:27:00+00:00\",\"breadcrumb\":{\"@id\":\"https:\/\/ec4rural.webs.uvigo.gal\/gl\/tordoia\/#breadcrumb\"},\"inLanguage\":\"gl-ES\",\"potentialAction\":[{\"@type\":\"ReadAction\",\"target\":[\"https:\/\/ec4rural.webs.uvigo.gal\/gl\/tordoia\/\"]}]},{\"@type\":\"BreadcrumbList\",\"@id\":\"https:\/\/ec4rural.webs.uvigo.gal\/gl\/tordoia\/#breadcrumb\",\"itemListElement\":[{\"@type\":\"ListItem\",\"position\":1,\"name\":\"Portada\",\"item\":\"https:\/\/ec4rural.webs.uvigo.gal\/gl\/\"},{\"@type\":\"ListItem\",\"position\":2,\"name\":\"Tordoia\"}]},{\"@type\":\"WebSite\",\"@id\":\"https:\/\/ec4rural.webs.uvigo.gal\/gl\/#website\",\"url\":\"https:\/\/ec4rural.webs.uvigo.gal\/gl\/\",\"name\":\"EC4RURAL\",\"description\":\"\",\"potentialAction\":[{\"@type\":\"SearchAction\",\"target\":{\"@type\":\"EntryPoint\",\"urlTemplate\":\"https:\/\/ec4rural.webs.uvigo.gal\/gl\/?s={search_term_string}\"},\"query-input\":{\"@type\":\"PropertyValueSpecification\",\"valueRequired\":true,\"valueName\":\"search_term_string\"}}],\"inLanguage\":\"gl-ES\"}]}<\/script>\n<!-- \/ Yoast SEO plugin. -->","yoast_head_json":{"title":"Tordoia - EC4RURAL","robots":{"index":"index","follow":"follow","max-snippet":"max-snippet:-1","max-image-preview":"max-image-preview:large","max-video-preview":"max-video-preview:-1"},"canonical":"https:\/\/ec4rural.webs.uvigo.gal\/gl\/tordoia\/","og_locale":"gl_ES","og_type":"article","og_title":"Tordoia - EC4RURAL","og_url":"https:\/\/ec4rural.webs.uvigo.gal\/gl\/tordoia\/","og_site_name":"EC4RURAL","article_modified_time":"2024-07-05T11:27:00+00:00","twitter_card":"summary_large_image","twitter_misc":{"Tempo de lectura":"6 minutos"},"schema":{"@context":"https:\/\/schema.org","@graph":[{"@type":"WebPage","@id":"https:\/\/ec4rural.webs.uvigo.gal\/gl\/tordoia\/","url":"https:\/\/ec4rural.webs.uvigo.gal\/gl\/tordoia\/","name":"Tordoia - EC4RURAL","isPartOf":{"@id":"https:\/\/ec4rural.webs.uvigo.gal\/gl\/#website"},"datePublished":"2024-06-11T19:04:00+00:00","dateModified":"2024-07-05T11:27:00+00:00","breadcrumb":{"@id":"https:\/\/ec4rural.webs.uvigo.gal\/gl\/tordoia\/#breadcrumb"},"inLanguage":"gl-ES","potentialAction":[{"@type":"ReadAction","target":["https:\/\/ec4rural.webs.uvigo.gal\/gl\/tordoia\/"]}]},{"@type":"BreadcrumbList","@id":"https:\/\/ec4rural.webs.uvigo.gal\/gl\/tordoia\/#breadcrumb","itemListElement":[{"@type":"ListItem","position":1,"name":"Portada","item":"https:\/\/ec4rural.webs.uvigo.gal\/gl\/"},{"@type":"ListItem","position":2,"name":"Tordoia"}]},{"@type":"WebSite","@id":"https:\/\/ec4rural.webs.uvigo.gal\/gl\/#website","url":"https:\/\/ec4rural.webs.uvigo.gal\/gl\/","name":"EC4RURAL","description":"","potentialAction":[{"@type":"SearchAction","target":{"@type":"EntryPoint","urlTemplate":"https:\/\/ec4rural.webs.uvigo.gal\/gl\/?s={search_term_string}"},"query-input":{"@type":"PropertyValueSpecification","valueRequired":true,"valueName":"search_term_string"}}],"inLanguage":"gl-ES"}]}},"_links":{"self":[{"href":"https:\/\/ec4rural.webs.uvigo.gal\/gl\/wp-json\/wp\/v2\/pages\/2977"}],"collection":[{"href":"https:\/\/ec4rural.webs.uvigo.gal\/gl\/wp-json\/wp\/v2\/pages"}],"about":[{"href":"https:\/\/ec4rural.webs.uvigo.gal\/gl\/wp-json\/wp\/v2\/types\/page"}],"author":[{"embeddable":true,"href":"https:\/\/ec4rural.webs.uvigo.gal\/gl\/wp-json\/wp\/v2\/users\/1"}],"replies":[{"embeddable":true,"href":"https:\/\/ec4rural.webs.uvigo.gal\/gl\/wp-json\/wp\/v2\/comments?post=2977"}],"version-history":[{"count":15,"href":"https:\/\/ec4rural.webs.uvigo.gal\/gl\/wp-json\/wp\/v2\/pages\/2977\/revisions"}],"predecessor-version":[{"id":3386,"href":"https:\/\/ec4rural.webs.uvigo.gal\/gl\/wp-json\/wp\/v2\/pages\/2977\/revisions\/3386"}],"wp:attachment":[{"href":"https:\/\/ec4rural.webs.uvigo.gal\/gl\/wp-json\/wp\/v2\/media?parent=2977"}],"curies":[{"name":"wp","href":"https:\/\/api.w.org\/{rel}","templated":true}]}}