{"id":2731,"date":"2024-06-11T05:46:41","date_gmt":"2024-06-11T03:46:41","guid":{"rendered":"https:\/\/ec4rural.webs.uvigo.gal\/moeche\/"},"modified":"2024-07-05T11:20:05","modified_gmt":"2024-07-05T09:20:05","slug":"moeche","status":"publish","type":"page","link":"https:\/\/ec4rural.webs.uvigo.gal\/gl\/moeche\/","title":{"rendered":"Moeche"},"content":{"rendered":"<p><div class=\"fusion-fullwidth fullwidth-box fusion-builder-row-1 fusion-flex-container has-pattern-background has-mask-background nonhundred-percent-fullwidth non-hundred-percent-height-scrolling\" style=\"--awb-border-radius-top-left:0px;--awb-border-radius-top-right:0px;--awb-border-radius-bottom-right:0px;--awb-border-radius-bottom-left:0px;--awb-padding-top:50px;--awb-padding-bottom:30px;--awb-margin-top:30px;--awb-margin-bottom:40px;--awb-flex-wrap:wrap;\" ><div class=\"fusion-builder-row fusion-row fusion-flex-align-items-flex-start fusion-flex-content-wrap\" style=\"max-width:1248px;margin-left: calc(-4% \/ 2 );margin-right: calc(-4% \/ 2 );\"><div class=\"fusion-layout-column fusion_builder_column fusion-builder-column-0 fusion_builder_column_1_1 1_1 fusion-flex-column\" style=\"--awb-bg-size:cover;--awb-width-large:100%;--awb-margin-top-large:0px;--awb-spacing-right-large:1.92%;--awb-margin-bottom-large:20px;--awb-spacing-left-large:1.92%;--awb-width-medium:100%;--awb-order-medium:0;--awb-spacing-right-medium:1.92%;--awb-spacing-left-medium:1.92%;--awb-width-small:100%;--awb-order-small:0;--awb-spacing-right-small:1.92%;--awb-spacing-left-small:1.92%;\"><div class=\"fusion-column-wrapper fusion-column-has-shadow fusion-flex-justify-content-flex-start fusion-content-layout-column\"><div class=\"fusion-image-element \" style=\"text-align:center;--awb-caption-title-font-family:var(--h2_typography-font-family);--awb-caption-title-font-weight:var(--h2_typography-font-weight);--awb-caption-title-font-style:var(--h2_typography-font-style);--awb-caption-title-size:var(--h2_typography-font-size);--awb-caption-title-transform:var(--h2_typography-text-transform);--awb-caption-title-line-height:var(--h2_typography-line-height);--awb-caption-title-letter-spacing:var(--h2_typography-letter-spacing);\"><span class=\" fusion-imageframe imageframe-none imageframe-1 hover-type-none\"><img decoding=\"async\" width=\"300\" height=\"120\" title=\"logo Moeche\" src=\"https:\/\/ec4rural.webs.uvigo.gal\/wp-content\/uploads\/2024\/06\/logo-Moeche-300x120.png\" alt class=\"img-responsive wp-image-2205\" srcset=\"https:\/\/ec4rural.webs.uvigo.gal\/wp-content\/uploads\/2024\/06\/logo-Moeche-200x80.png 200w, https:\/\/ec4rural.webs.uvigo.gal\/wp-content\/uploads\/2024\/06\/logo-Moeche-400x160.png 400w, https:\/\/ec4rural.webs.uvigo.gal\/wp-content\/uploads\/2024\/06\/logo-Moeche-600x240.png 600w, https:\/\/ec4rural.webs.uvigo.gal\/wp-content\/uploads\/2024\/06\/logo-Moeche-800x320.png 800w, https:\/\/ec4rural.webs.uvigo.gal\/wp-content\/uploads\/2024\/06\/logo-Moeche-1200x480.png 1200w\" sizes=\"(max-width: 640px) 100vw, 1200px\" \/><\/span><\/div><\/div><\/div><\/div><\/div><div class=\"fusion-fullwidth fullwidth-box fusion-builder-row-2 fusion-flex-container has-pattern-background has-mask-background nonhundred-percent-fullwidth non-hundred-percent-height-scrolling\" style=\"--awb-border-radius-top-left:0px;--awb-border-radius-top-right:0px;--awb-border-radius-bottom-right:0px;--awb-border-radius-bottom-left:0px;--awb-padding-bottom:40px;--awb-background-color:#f2f2f2;--awb-flex-wrap:wrap;\" ><div class=\"fusion-builder-row fusion-row fusion-flex-align-items-flex-start fusion-flex-content-wrap\" style=\"max-width:1248px;margin-left: calc(-4% \/ 2 );margin-right: calc(-4% \/ 2 );\"><div class=\"fusion-layout-column fusion_builder_column fusion-builder-column-1 fusion_builder_column_1_1 1_1 fusion-flex-column\" style=\"--awb-bg-size:cover;--awb-width-large:100%;--awb-margin-top-large:0px;--awb-spacing-right-large:1.92%;--awb-margin-bottom-large:20px;--awb-spacing-left-large:1.92%;--awb-width-medium:100%;--awb-order-medium:0;--awb-spacing-right-medium:1.92%;--awb-spacing-left-medium:1.92%;--awb-width-small:100%;--awb-order-small:0;--awb-spacing-right-small:1.92%;--awb-spacing-left-small:1.92%;\"><div class=\"fusion-column-wrapper fusion-column-has-shadow fusion-flex-justify-content-flex-start fusion-content-layout-column\"><div class=\"fusion-text fusion-text-1\"><p><strong>Introduci\u00f3n<\/strong><\/p>\n<\/div><div class=\"fusion-text fusion-text-2\"><p>O <a href=\"https:\/\/moeche.gal\/\">Concello de Moeche<\/a> sit\u00faase na comarca de Ferrol, no extremo norte da provincia da Coru\u00f1a, preto da costa e a setenta quil\u00f3metros da capital provincial. Pos\u00fae unha poboaci\u00f3n de 1.200 habitantes en 2022 e conta cunha extensi\u00f3n de 48,5 quil\u00f3metros cadrados, presentando un grao de urbanizaci\u00f3n de Zona Pouco Poboada, segundo o Instituto Galego de Estat\u00edstica.<\/p>\n<p>Pertence ao <a href=\"https:\/\/www.seitura22.gal\/\">Grupo de Desenvolvemento Rural<\/a> (GDR24).<\/p>\n<\/div><div class=\"fusion-image-element \" style=\"text-align:center;--awb-margin-top:20px;--awb-caption-title-font-family:var(--h2_typography-font-family);--awb-caption-title-font-weight:var(--h2_typography-font-weight);--awb-caption-title-font-style:var(--h2_typography-font-style);--awb-caption-title-size:var(--h2_typography-font-size);--awb-caption-title-transform:var(--h2_typography-text-transform);--awb-caption-title-line-height:var(--h2_typography-line-height);--awb-caption-title-letter-spacing:var(--h2_typography-letter-spacing);\"><span class=\" fusion-imageframe imageframe-none imageframe-2 hover-type-none\"><img decoding=\"async\" width=\"800\" height=\"566\" title=\"COMPOSICION_MOECHE_2 (1)\" src=\"https:\/\/ec4rural.webs.uvigo.gal\/wp-content\/uploads\/2024\/06\/COMPOSICION_MOECHE_2-1-800x566.jpg\" alt class=\"img-responsive wp-image-2202\" srcset=\"https:\/\/ec4rural.webs.uvigo.gal\/wp-content\/uploads\/2024\/06\/COMPOSICION_MOECHE_2-1-200x141.jpg 200w, https:\/\/ec4rural.webs.uvigo.gal\/wp-content\/uploads\/2024\/06\/COMPOSICION_MOECHE_2-1-400x283.jpg 400w, https:\/\/ec4rural.webs.uvigo.gal\/wp-content\/uploads\/2024\/06\/COMPOSICION_MOECHE_2-1-600x424.jpg 600w, https:\/\/ec4rural.webs.uvigo.gal\/wp-content\/uploads\/2024\/06\/COMPOSICION_MOECHE_2-1-800x566.jpg 800w, https:\/\/ec4rural.webs.uvigo.gal\/wp-content\/uploads\/2024\/06\/COMPOSICION_MOECHE_2-1-1200x849.jpg 1200w\" sizes=\"(max-width: 640px) 100vw, 1200px\" \/><\/span><\/div><\/div><\/div><\/div><\/div><div class=\"fusion-fullwidth fullwidth-box fusion-builder-row-3 fusion-flex-container has-pattern-background has-mask-background nonhundred-percent-fullwidth non-hundred-percent-height-scrolling\" style=\"--awb-border-radius-top-left:0px;--awb-border-radius-top-right:0px;--awb-border-radius-bottom-right:0px;--awb-border-radius-bottom-left:0px;--awb-padding-bottom:40px;--awb-margin-bottom:40px;--awb-flex-wrap:wrap;\" ><div class=\"fusion-builder-row fusion-row fusion-flex-align-items-flex-start fusion-flex-content-wrap\" style=\"max-width:1248px;margin-left: calc(-4% \/ 2 );margin-right: calc(-4% \/ 2 );\"><div class=\"fusion-layout-column fusion_builder_column fusion-builder-column-2 fusion_builder_column_1_1 1_1 fusion-flex-column\" style=\"--awb-bg-size:cover;--awb-width-large:100%;--awb-margin-top-large:0px;--awb-spacing-right-large:1.92%;--awb-margin-bottom-large:20px;--awb-spacing-left-large:1.92%;--awb-width-medium:100%;--awb-order-medium:0;--awb-spacing-right-medium:1.92%;--awb-spacing-left-medium:1.92%;--awb-width-small:100%;--awb-order-small:0;--awb-spacing-right-small:1.92%;--awb-spacing-left-small:1.92%;\"><div class=\"fusion-column-wrapper fusion-column-has-shadow fusion-flex-justify-content-flex-start fusion-content-layout-column\"><div class=\"fusion-text fusion-text-3\"><h4><strong>Poboaci\u00f3n e estrutura demogr\u00e1fica\u00a0<\/strong><\/h4>\n<\/div><div class=\"fusion-text fusion-text-4\"><p>A <strong>poboaci\u00f3n<\/strong> de Moeche rexistrou unha perda continuada de habitantes desde 1991 a 2022 cun -32% menos. Na \u00faltima d\u00e9cada rexistrouse unha diminuci\u00f3n demogr\u00e1fica, reflectindo unha tendencia a unha perda global de poboaci\u00f3n e a un desequilibrio demogr\u00e1fico territorial cun descenso nas \u00e1reas rurais.<\/p>\n<p>O aumento do <strong>\u00edndice de dependencia global<\/strong> (IDG) alcanzou en 2022 o 81%, se ben \u00e9 certo non supera o aumento rexistrado no conxunto da provincia nin en Galicia.<\/p>\n<p>A pir\u00e1mide demogr\u00e1fica estr\u00e9itase na base e aumenta a idade media, sendo esta a de 54 anos.<\/p>\n<p>Conf\u00edrmase o declive e envecellemento demogr\u00e1fico que afecta a nivel social, econ\u00f3mico e cultural.<\/p>\n<\/div><\/div><\/div><div class=\"fusion-layout-column fusion_builder_column fusion-builder-column-3 fusion_builder_column_1_2 1_2 fusion-flex-column\" style=\"--awb-bg-size:cover;--awb-width-large:50%;--awb-margin-top-large:0px;--awb-spacing-right-large:3.84%;--awb-margin-bottom-large:20px;--awb-spacing-left-large:3.84%;--awb-width-medium:50%;--awb-order-medium:0;--awb-spacing-right-medium:3.84%;--awb-spacing-left-medium:3.84%;--awb-width-small:100%;--awb-order-small:0;--awb-spacing-right-small:1.92%;--awb-spacing-left-small:1.92%;\"><div class=\"fusion-column-wrapper fusion-column-has-shadow fusion-flex-justify-content-flex-start fusion-content-layout-column\"><div class=\"fusion-image-element awb-imageframe-style awb-imageframe-style-below awb-imageframe-style-3\" style=\"text-align:center;--awb-caption-title-font-family:var(--h2_typography-font-family);--awb-caption-title-font-weight:var(--h2_typography-font-weight);--awb-caption-title-font-style:var(--h2_typography-font-style);--awb-caption-title-size:var(--h2_typography-font-size);--awb-caption-title-transform:var(--h2_typography-text-transform);--awb-caption-title-line-height:var(--h2_typography-line-height);--awb-caption-title-letter-spacing:var(--h2_typography-letter-spacing);\"><span class=\" fusion-imageframe imageframe-none imageframe-3 hover-type-none\"><img decoding=\"async\" width=\"800\" height=\"430\" title=\"pob_moeche_ing\" src=\"https:\/\/ec4rural.webs.uvigo.gal\/wp-content\/uploads\/2024\/06\/pob_moeche_ing-800x430.png\" alt class=\"img-responsive wp-image-2211\" srcset=\"https:\/\/ec4rural.webs.uvigo.gal\/wp-content\/uploads\/2024\/06\/pob_moeche_ing-200x107.png 200w, https:\/\/ec4rural.webs.uvigo.gal\/wp-content\/uploads\/2024\/06\/pob_moeche_ing-400x215.png 400w, https:\/\/ec4rural.webs.uvigo.gal\/wp-content\/uploads\/2024\/06\/pob_moeche_ing-600x322.png 600w, https:\/\/ec4rural.webs.uvigo.gal\/wp-content\/uploads\/2024\/06\/pob_moeche_ing-800x430.png 800w, https:\/\/ec4rural.webs.uvigo.gal\/wp-content\/uploads\/2024\/06\/pob_moeche_ing-1200x645.png 1200w\" sizes=\"(max-width: 640px) 100vw, 600px\" \/><\/span><div class=\"awb-imageframe-caption-container\" style=\"text-align:center;\"><div class=\"awb-imageframe-caption\"><h2 class=\"awb-imageframe-caption-title\"> <\/h2><p class=\"awb-imageframe-caption-text\">Din\u00e1mica demogr\u00e1fica en Moeche.<\/p><\/div><\/div><\/div><\/div><\/div><div class=\"fusion-layout-column fusion_builder_column fusion-builder-column-4 fusion_builder_column_1_2 1_2 fusion-flex-column\" style=\"--awb-bg-size:cover;--awb-width-large:50%;--awb-margin-top-large:0px;--awb-spacing-right-large:3.84%;--awb-margin-bottom-large:20px;--awb-spacing-left-large:3.84%;--awb-width-medium:50%;--awb-order-medium:0;--awb-spacing-right-medium:3.84%;--awb-spacing-left-medium:3.84%;--awb-width-small:100%;--awb-order-small:0;--awb-spacing-right-small:1.92%;--awb-spacing-left-small:1.92%;\"><div class=\"fusion-column-wrapper fusion-column-has-shadow fusion-flex-justify-content-flex-start fusion-content-layout-column\"><div class=\"fusion-image-element awb-imageframe-style awb-imageframe-style-below awb-imageframe-style-4\" style=\"text-align:center;--awb-caption-margin-right:30px;--awb-caption-margin-left:30px;--awb-caption-title-font-family:var(--h2_typography-font-family);--awb-caption-title-font-weight:var(--h2_typography-font-weight);--awb-caption-title-font-style:var(--h2_typography-font-style);--awb-caption-title-size:var(--h2_typography-font-size);--awb-caption-title-transform:var(--h2_typography-text-transform);--awb-caption-title-line-height:var(--h2_typography-line-height);--awb-caption-title-letter-spacing:var(--h2_typography-letter-spacing);\"><span class=\" fusion-imageframe imageframe-none imageframe-4 hover-type-none\"><img decoding=\"async\" width=\"800\" height=\"496\" title=\"IDG_moeche_ing\" src=\"https:\/\/ec4rural.webs.uvigo.gal\/wp-content\/uploads\/2024\/06\/IDG_moeche_ing-800x496.png\" alt class=\"img-responsive wp-image-2208\" srcset=\"https:\/\/ec4rural.webs.uvigo.gal\/wp-content\/uploads\/2024\/06\/IDG_moeche_ing-200x124.png 200w, https:\/\/ec4rural.webs.uvigo.gal\/wp-content\/uploads\/2024\/06\/IDG_moeche_ing-400x248.png 400w, https:\/\/ec4rural.webs.uvigo.gal\/wp-content\/uploads\/2024\/06\/IDG_moeche_ing-600x372.png 600w, https:\/\/ec4rural.webs.uvigo.gal\/wp-content\/uploads\/2024\/06\/IDG_moeche_ing-800x496.png 800w, https:\/\/ec4rural.webs.uvigo.gal\/wp-content\/uploads\/2024\/06\/IDG_moeche_ing-1200x745.png 1200w\" sizes=\"(max-width: 640px) 100vw, 600px\" \/><\/span><div class=\"awb-imageframe-caption-container\" style=\"text-align:center;\"><div class=\"awb-imageframe-caption\"><h2 class=\"awb-imageframe-caption-title\"> <\/h2><p class=\"awb-imageframe-caption-text\">Evoluci\u00f3n da taxa de dependencia total de Moeche, A Coru\u00f1a e Galicia.<\/p><\/div><\/div><\/div><\/div><\/div><\/div><\/div><div class=\"fusion-fullwidth fullwidth-box fusion-builder-row-4 fusion-flex-container has-pattern-background has-mask-background nonhundred-percent-fullwidth non-hundred-percent-height-scrolling\" style=\"--awb-border-radius-top-left:0px;--awb-border-radius-top-right:0px;--awb-border-radius-bottom-right:0px;--awb-border-radius-bottom-left:0px;--awb-padding-bottom:40px;--awb-background-color:#f2f2f2;--awb-flex-wrap:wrap;\" ><div class=\"fusion-builder-row fusion-row fusion-flex-align-items-flex-start fusion-flex-content-wrap\" style=\"max-width:1248px;margin-left: calc(-4% \/ 2 );margin-right: calc(-4% \/ 2 );\"><div class=\"fusion-layout-column fusion_builder_column fusion-builder-column-5 fusion_builder_column_1_1 1_1 fusion-flex-column\" style=\"--awb-bg-size:cover;--awb-width-large:100%;--awb-margin-top-large:0px;--awb-spacing-right-large:1.92%;--awb-margin-bottom-large:20px;--awb-spacing-left-large:1.92%;--awb-width-medium:100%;--awb-order-medium:0;--awb-spacing-right-medium:1.92%;--awb-spacing-left-medium:1.92%;--awb-width-small:100%;--awb-order-small:0;--awb-spacing-right-small:1.92%;--awb-spacing-left-small:1.92%;\"><div class=\"fusion-column-wrapper fusion-column-has-shadow fusion-flex-justify-content-flex-start fusion-content-layout-column\"><div class=\"fusion-text fusion-text-5\"><h4><strong>Econom\u00eda<\/strong><\/h4>\n<\/div><div class=\"fusion-text fusion-text-6\"><p>A <strong>evoluci\u00f3n do PIB<\/strong> presenta unha din\u00e1mica de crecemento similar \u00e1 do conxunto dos municipios galegos e \u00e1 da provincia da Coru\u00f1a. Durante o per\u00edodo 2016-2018, o municipio presentou unha reduci\u00f3n significativa do -11% .<\/p>\n<p>A <strong>Renda Bruta Dispo\u00f1ible <\/strong>(RBD) amosa a mesma evoluci\u00f3n positiva que no conxunto de Galicia e o da provincia, cunha taxa de crecemento lixeiramente inferior 0,33%, alcanzando os 13.600\u20ac por habitante.<\/p>\n<p>Usando o rexistro de afiliaci\u00f3ns \u00e1 seguridade social como unha estimaci\u00f3n do <strong>emprego <\/strong>municipal, entre os anos 2011 e 2022, Moeche experimentou unha diminuci\u00f3n do 6,5% do emprego. Por sectores, o sector primario perde peso mentres que o terciario ga\u00f1a afiliaci\u00f3ns e o sector secundario mantense estable.<\/p>\n<p>En 2022, Moeche ti\u00f1a unha <strong>taxa de actividade<\/strong> moi elevada, alcanzando o 75% en 2022. A taxa de ocupaci\u00f3n sit\u00faase preto do 68%. A taxa de paro descende desde o 13% en 2011 ao 9% en 2022, presentando unha taxa de desemprego inferior ao conxunto territorial.<\/p>\n<\/div><\/div><\/div><div class=\"fusion-layout-column fusion_builder_column fusion-builder-column-6 fusion_builder_column_1_2 1_2 fusion-flex-column\" style=\"--awb-bg-size:cover;--awb-width-large:50%;--awb-margin-top-large:0px;--awb-spacing-right-large:3.84%;--awb-margin-bottom-large:20px;--awb-spacing-left-large:3.84%;--awb-width-medium:50%;--awb-order-medium:0;--awb-spacing-right-medium:3.84%;--awb-spacing-left-medium:3.84%;--awb-width-small:100%;--awb-order-small:0;--awb-spacing-right-small:1.92%;--awb-spacing-left-small:1.92%;\"><div class=\"fusion-column-wrapper fusion-column-has-shadow fusion-flex-justify-content-flex-start fusion-content-layout-column\"><div class=\"fusion-image-element awb-imageframe-style awb-imageframe-style-below awb-imageframe-style-5\" style=\"text-align:center;--awb-caption-margin-right:30px;--awb-caption-margin-left:30px;--awb-caption-title-font-family:var(--h2_typography-font-family);--awb-caption-title-font-weight:var(--h2_typography-font-weight);--awb-caption-title-font-style:var(--h2_typography-font-style);--awb-caption-title-size:var(--h2_typography-font-size);--awb-caption-title-transform:var(--h2_typography-text-transform);--awb-caption-title-line-height:var(--h2_typography-line-height);--awb-caption-title-letter-spacing:var(--h2_typography-letter-spacing);\"><span class=\" fusion-imageframe imageframe-none imageframe-5 hover-type-none\"><img decoding=\"async\" width=\"800\" height=\"492\" title=\"RBD_moeche_ing\" src=\"https:\/\/ec4rural.webs.uvigo.gal\/wp-content\/uploads\/2024\/06\/RBD_moeche_ing-800x492.png\" alt class=\"img-responsive wp-image-2214\" srcset=\"https:\/\/ec4rural.webs.uvigo.gal\/wp-content\/uploads\/2024\/06\/RBD_moeche_ing-200x123.png 200w, https:\/\/ec4rural.webs.uvigo.gal\/wp-content\/uploads\/2024\/06\/RBD_moeche_ing-400x246.png 400w, https:\/\/ec4rural.webs.uvigo.gal\/wp-content\/uploads\/2024\/06\/RBD_moeche_ing-600x369.png 600w, https:\/\/ec4rural.webs.uvigo.gal\/wp-content\/uploads\/2024\/06\/RBD_moeche_ing-800x492.png 800w, https:\/\/ec4rural.webs.uvigo.gal\/wp-content\/uploads\/2024\/06\/RBD_moeche_ing-1200x738.png 1200w\" sizes=\"(max-width: 640px) 100vw, 600px\" \/><\/span><div class=\"awb-imageframe-caption-container\"><div class=\"awb-imageframe-caption\"><h2 class=\"awb-imageframe-caption-title\"> <\/h2><p class=\"awb-imageframe-caption-text\">Evoluci\u00f3n da Renda Bruta Dispo\u00f1ible por habitante en Moeche, A Coru\u00f1a e Galicia.<\/p><\/div><\/div><\/div><\/div><\/div><div class=\"fusion-layout-column fusion_builder_column fusion-builder-column-7 fusion_builder_column_1_2 1_2 fusion-flex-column\" style=\"--awb-bg-size:cover;--awb-width-large:50%;--awb-margin-top-large:0px;--awb-spacing-right-large:3.84%;--awb-margin-bottom-large:20px;--awb-spacing-left-large:3.84%;--awb-width-medium:50%;--awb-order-medium:0;--awb-spacing-right-medium:3.84%;--awb-spacing-left-medium:3.84%;--awb-width-small:100%;--awb-order-small:0;--awb-spacing-right-small:1.92%;--awb-spacing-left-small:1.92%;\"><div class=\"fusion-column-wrapper fusion-column-has-shadow fusion-flex-justify-content-flex-start fusion-content-layout-column\"><div class=\"fusion-image-element awb-imageframe-style awb-imageframe-style-below awb-imageframe-style-6\" style=\"text-align:center;--awb-caption-margin-right:30px;--awb-caption-margin-left:30px;--awb-caption-title-font-family:var(--h2_typography-font-family);--awb-caption-title-font-weight:var(--h2_typography-font-weight);--awb-caption-title-font-style:var(--h2_typography-font-style);--awb-caption-title-size:var(--h2_typography-font-size);--awb-caption-title-transform:var(--h2_typography-text-transform);--awb-caption-title-line-height:var(--h2_typography-line-height);--awb-caption-title-letter-spacing:var(--h2_typography-letter-spacing);\"><span class=\" fusion-imageframe imageframe-none imageframe-6 hover-type-none\"><img decoding=\"async\" width=\"800\" height=\"455\" title=\"tasas_moeche_ing\" src=\"https:\/\/ec4rural.webs.uvigo.gal\/wp-content\/uploads\/2024\/06\/tasas_moeche_ing-800x455.png\" alt class=\"img-responsive wp-image-2217\" srcset=\"https:\/\/ec4rural.webs.uvigo.gal\/wp-content\/uploads\/2024\/06\/tasas_moeche_ing-200x114.png 200w, https:\/\/ec4rural.webs.uvigo.gal\/wp-content\/uploads\/2024\/06\/tasas_moeche_ing-400x228.png 400w, https:\/\/ec4rural.webs.uvigo.gal\/wp-content\/uploads\/2024\/06\/tasas_moeche_ing-600x342.png 600w, https:\/\/ec4rural.webs.uvigo.gal\/wp-content\/uploads\/2024\/06\/tasas_moeche_ing-800x455.png 800w, https:\/\/ec4rural.webs.uvigo.gal\/wp-content\/uploads\/2024\/06\/tasas_moeche_ing-1200x683.png 1200w\" sizes=\"(max-width: 640px) 100vw, 600px\" \/><\/span><div class=\"awb-imageframe-caption-container\"><div class=\"awb-imageframe-caption\"><h2 class=\"awb-imageframe-caption-title\"> <\/h2><p class=\"awb-imageframe-caption-text\">Evoluci\u00f3n das taxas de emprego, paro e actividad no municipio de Moeche.<\/p><\/div><\/div><\/div><\/div><\/div><\/div><\/div><div class=\"fusion-fullwidth fullwidth-box fusion-builder-row-5 fusion-flex-container has-pattern-background has-mask-background nonhundred-percent-fullwidth non-hundred-percent-height-scrolling\" style=\"--awb-border-radius-top-left:0px;--awb-border-radius-top-right:0px;--awb-border-radius-bottom-right:0px;--awb-border-radius-bottom-left:0px;--awb-flex-wrap:wrap;\" ><div class=\"fusion-builder-row fusion-row fusion-flex-align-items-flex-start fusion-flex-content-wrap\" style=\"max-width:1248px;margin-left: calc(-4% \/ 2 );margin-right: calc(-4% \/ 2 );\"><div class=\"fusion-layout-column fusion_builder_column fusion-builder-column-8 fusion_builder_column_1_1 1_1 fusion-flex-column\" style=\"--awb-bg-size:cover;--awb-width-large:100%;--awb-margin-top-large:0px;--awb-spacing-right-large:1.92%;--awb-margin-bottom-large:20px;--awb-spacing-left-large:1.92%;--awb-width-medium:100%;--awb-order-medium:0;--awb-spacing-right-medium:1.92%;--awb-spacing-left-medium:1.92%;--awb-width-small:100%;--awb-order-small:0;--awb-spacing-right-small:1.92%;--awb-spacing-left-small:1.92%;\"><div class=\"fusion-column-wrapper fusion-column-has-shadow fusion-flex-justify-content-flex-start fusion-content-layout-column\"><div class=\"fusion-text fusion-text-7\"><h4><strong>Recursos enerx\u00e9ticos<\/strong><\/h4>\n<\/div><div class=\"fusion-text fusion-text-8\"><p>Moeche conta cunha <strong>infraestrutura enerx\u00e9tica baseada en fontes renovables<\/strong>, especialmente na enerx\u00eda solar fotovoltaica. A potencia instalada desta enerx\u00eda \u00e9 de 5 quilovatios en 2022. Empr\u00e9gase tam\u00e9n biomasa para a calefacci\u00f3n de vivendas unifamiliares e enerx\u00eda xeot\u00e9rmica. Fomentar o uso de enerx\u00edas renovables axudar\u00e1 a reducir a dependencia dunha soa fonte, maximizar o potencial econ\u00f3mico e xerar novas oportunidades econ\u00f3micas e laborais na zona.<\/p>\n<p>O <strong>consumo el\u00e9ctrico<\/strong> de Moeche en 2023 foi de 2.594,86 MWh. 1.385,84 MWh foi o consumo residencial. O consumo dos servizos, inclu\u00eddos os municipais, foi de 1.035,50 MWh. A industria consumiu 173,52 MWh.<\/p>\n<\/div><\/div><\/div><\/div><\/div><\/p>\n","protected":false},"excerpt":{"rendered":"","protected":false},"author":1,"featured_media":0,"parent":0,"menu_order":0,"comment_status":"closed","ping_status":"closed","template":"100-width.php","meta":{"footnotes":""},"yoast_head":"<!-- This site is optimized with the Yoast SEO plugin v23.8 - https:\/\/yoast.com\/wordpress\/plugins\/seo\/ -->\n<title>Moeche - EC4RURAL<\/title>\n<meta name=\"robots\" content=\"index, follow, max-snippet:-1, max-image-preview:large, max-video-preview:-1\" \/>\n<link rel=\"canonical\" href=\"https:\/\/ec4rural.webs.uvigo.gal\/gl\/moeche\/\" \/>\n<meta property=\"og:locale\" content=\"gl_ES\" \/>\n<meta property=\"og:type\" content=\"article\" \/>\n<meta property=\"og:title\" content=\"Moeche - EC4RURAL\" \/>\n<meta property=\"og:url\" content=\"https:\/\/ec4rural.webs.uvigo.gal\/gl\/moeche\/\" \/>\n<meta property=\"og:site_name\" content=\"EC4RURAL\" \/>\n<meta property=\"article:modified_time\" content=\"2024-07-05T09:20:05+00:00\" \/>\n<meta name=\"twitter:card\" content=\"summary_large_image\" \/>\n<meta name=\"twitter:label1\" content=\"Tempo de lectura\" \/>\n\t<meta name=\"twitter:data1\" content=\"4 minutos\" \/>\n<script type=\"application\/ld+json\" class=\"yoast-schema-graph\">{\"@context\":\"https:\/\/schema.org\",\"@graph\":[{\"@type\":\"WebPage\",\"@id\":\"https:\/\/ec4rural.webs.uvigo.gal\/gl\/moeche\/\",\"url\":\"https:\/\/ec4rural.webs.uvigo.gal\/gl\/moeche\/\",\"name\":\"Moeche - EC4RURAL\",\"isPartOf\":{\"@id\":\"https:\/\/ec4rural.webs.uvigo.gal\/gl\/#website\"},\"datePublished\":\"2024-06-11T03:46:41+00:00\",\"dateModified\":\"2024-07-05T09:20:05+00:00\",\"breadcrumb\":{\"@id\":\"https:\/\/ec4rural.webs.uvigo.gal\/gl\/moeche\/#breadcrumb\"},\"inLanguage\":\"gl-ES\",\"potentialAction\":[{\"@type\":\"ReadAction\",\"target\":[\"https:\/\/ec4rural.webs.uvigo.gal\/gl\/moeche\/\"]}]},{\"@type\":\"BreadcrumbList\",\"@id\":\"https:\/\/ec4rural.webs.uvigo.gal\/gl\/moeche\/#breadcrumb\",\"itemListElement\":[{\"@type\":\"ListItem\",\"position\":1,\"name\":\"Portada\",\"item\":\"https:\/\/ec4rural.webs.uvigo.gal\/gl\/\"},{\"@type\":\"ListItem\",\"position\":2,\"name\":\"Moeche\"}]},{\"@type\":\"WebSite\",\"@id\":\"https:\/\/ec4rural.webs.uvigo.gal\/gl\/#website\",\"url\":\"https:\/\/ec4rural.webs.uvigo.gal\/gl\/\",\"name\":\"EC4RURAL\",\"description\":\"\",\"potentialAction\":[{\"@type\":\"SearchAction\",\"target\":{\"@type\":\"EntryPoint\",\"urlTemplate\":\"https:\/\/ec4rural.webs.uvigo.gal\/gl\/?s={search_term_string}\"},\"query-input\":{\"@type\":\"PropertyValueSpecification\",\"valueRequired\":true,\"valueName\":\"search_term_string\"}}],\"inLanguage\":\"gl-ES\"}]}<\/script>\n<!-- \/ Yoast SEO plugin. -->","yoast_head_json":{"title":"Moeche - EC4RURAL","robots":{"index":"index","follow":"follow","max-snippet":"max-snippet:-1","max-image-preview":"max-image-preview:large","max-video-preview":"max-video-preview:-1"},"canonical":"https:\/\/ec4rural.webs.uvigo.gal\/gl\/moeche\/","og_locale":"gl_ES","og_type":"article","og_title":"Moeche - EC4RURAL","og_url":"https:\/\/ec4rural.webs.uvigo.gal\/gl\/moeche\/","og_site_name":"EC4RURAL","article_modified_time":"2024-07-05T09:20:05+00:00","twitter_card":"summary_large_image","twitter_misc":{"Tempo de lectura":"4 minutos"},"schema":{"@context":"https:\/\/schema.org","@graph":[{"@type":"WebPage","@id":"https:\/\/ec4rural.webs.uvigo.gal\/gl\/moeche\/","url":"https:\/\/ec4rural.webs.uvigo.gal\/gl\/moeche\/","name":"Moeche - EC4RURAL","isPartOf":{"@id":"https:\/\/ec4rural.webs.uvigo.gal\/gl\/#website"},"datePublished":"2024-06-11T03:46:41+00:00","dateModified":"2024-07-05T09:20:05+00:00","breadcrumb":{"@id":"https:\/\/ec4rural.webs.uvigo.gal\/gl\/moeche\/#breadcrumb"},"inLanguage":"gl-ES","potentialAction":[{"@type":"ReadAction","target":["https:\/\/ec4rural.webs.uvigo.gal\/gl\/moeche\/"]}]},{"@type":"BreadcrumbList","@id":"https:\/\/ec4rural.webs.uvigo.gal\/gl\/moeche\/#breadcrumb","itemListElement":[{"@type":"ListItem","position":1,"name":"Portada","item":"https:\/\/ec4rural.webs.uvigo.gal\/gl\/"},{"@type":"ListItem","position":2,"name":"Moeche"}]},{"@type":"WebSite","@id":"https:\/\/ec4rural.webs.uvigo.gal\/gl\/#website","url":"https:\/\/ec4rural.webs.uvigo.gal\/gl\/","name":"EC4RURAL","description":"","potentialAction":[{"@type":"SearchAction","target":{"@type":"EntryPoint","urlTemplate":"https:\/\/ec4rural.webs.uvigo.gal\/gl\/?s={search_term_string}"},"query-input":{"@type":"PropertyValueSpecification","valueRequired":true,"valueName":"search_term_string"}}],"inLanguage":"gl-ES"}]}},"_links":{"self":[{"href":"https:\/\/ec4rural.webs.uvigo.gal\/gl\/wp-json\/wp\/v2\/pages\/2731"}],"collection":[{"href":"https:\/\/ec4rural.webs.uvigo.gal\/gl\/wp-json\/wp\/v2\/pages"}],"about":[{"href":"https:\/\/ec4rural.webs.uvigo.gal\/gl\/wp-json\/wp\/v2\/types\/page"}],"author":[{"embeddable":true,"href":"https:\/\/ec4rural.webs.uvigo.gal\/gl\/wp-json\/wp\/v2\/users\/1"}],"replies":[{"embeddable":true,"href":"https:\/\/ec4rural.webs.uvigo.gal\/gl\/wp-json\/wp\/v2\/comments?post=2731"}],"version-history":[{"count":8,"href":"https:\/\/ec4rural.webs.uvigo.gal\/gl\/wp-json\/wp\/v2\/pages\/2731\/revisions"}],"predecessor-version":[{"id":3295,"href":"https:\/\/ec4rural.webs.uvigo.gal\/gl\/wp-json\/wp\/v2\/pages\/2731\/revisions\/3295"}],"wp:attachment":[{"href":"https:\/\/ec4rural.webs.uvigo.gal\/gl\/wp-json\/wp\/v2\/media?parent=2731"}],"curies":[{"name":"wp","href":"https:\/\/api.w.org\/{rel}","templated":true}]}}