{"id":3500,"date":"2024-07-10T14:42:35","date_gmt":"2024-07-10T12:42:35","guid":{"rendered":"https:\/\/ec4rural.webs.uvigo.gal\/event\/inspireeriv-ja-elamuslik-uritus-tikupoiss-eesti\/"},"modified":"2024-07-10T14:45:48","modified_gmt":"2024-07-10T12:45:48","slug":"inspireeriv-ja-elamuslik-uritus-tikupoiss-eesti","status":"publish","type":"tribe_events","link":"https:\/\/ec4rural.webs.uvigo.gal\/et\/event\/inspireeriv-ja-elamuslik-uritus-tikupoiss-eesti\/","title":{"rendered":"INSPIREERIV JA ELAMUSLIK \u00dcRITUS TIKUPOISS, EESTI"},"content":{"rendered":"<div class=\"xdj266r x11i5rnm xat24cr x1mh8g0r x1vvkbs\">EC4RURAL projekti raames kutsume k\u00f5iki maapiirkonna energiakogukondade loomisest huvitatud inimesi osalema inspireerival ja kogemusterohkel \u00fcritusel.<\/div>\n<div class=\"x11i5rnm xat24cr x1mh8g0r x1vvkbs xtlvy1s\">P\u00e4evakava:<\/div>\n<div class=\"x11i5rnm xat24cr x1mh8g0r x1vvkbs xtlvy1s\">10.30 &#8211; Kogunemine ja tervituskohv.<\/div>\n<div class=\"x11i5rnm xat24cr x1mh8g0r x1vvkbs xtlvy1s\">11:00 &#8211; 13:00 &#8211; Seminar ja arutelu:<br class=\"html-br\" \/>-Taavi Liivandi jagab kogemusi energiakogukonna loomise v\u00e4ljakutsetest ja edusammudest Hiiumaal.<br class=\"html-br\" \/>-Kohaliku omavalitsuse vaade energiakogukondadele (esineja t\u00e4psustamisel).<br class=\"html-br\" \/>-Rene Reisner (Kliimaministeerium) r\u00e4\u00e4gib energiakogukondade arengutest Eestis.<br class=\"html-br\" \/>-Paneeldiskussioon \u201cmiks meile on vaja kogukonnaenergeetikat?\u201d<br class=\"html-br\" \/>Arutelu ja ideede vahetus, et ammutada inspiratsiooni ja jagada kogemusi.<\/div>\n<div class=\"x11i5rnm xat24cr x1mh8g0r x1vvkbs xtlvy1s\">13.00 &#8211; 13:30 &#8211; L\u00f5unapaus (omal kulul).<\/div>\n<div class=\"x11i5rnm xat24cr x1mh8g0r x1vvkbs xtlvy1s\">13:30 &#8211; Ringk\u00e4ik Tikupoisis peremees Urmas Johansoniga. Tutvume Tikupoisi p\u00e4ikesepargi, akusalvestuse v\u00f5imaluste ja tuulegeneraatoriga.<\/div>\n<div class=\"x11i5rnm xat24cr x1mh8g0r x1vvkbs xtlvy1s\">Tule ja saa osa uuenduslikest ideedest ja kogemuste vahetusest, et edendada maapiirkondade energialahendusi!<\/div>\n<div class=\"x11i5rnm xat24cr x1mh8g0r x1vvkbs xtlvy1s\">Palun seminaril osalemine registreerida Google vormi kaudu siin:\u00a0<a class=\"x1i10hfl xjbqb8w x1ejq31n xd10rxx x1sy0etr x17r0tee x972fbf xcfux6l x1qhh985 xm0m39n x9f619 x1ypdohk xt0psk2 xe8uvvx xdj266r x11i5rnm xat24cr x1mh8g0r xexx8yu x4uap5 x18d9i69 xkhd6sd x16tdsg8 x1hl2dhg xggy1nq x1a2a7pz x1sur9pj xkrqix3 x1fey0fg\" tabindex=\"0\" role=\"link\" href=\"https:\/\/l.facebook.com\/l.php?u=https%3A%2F%2Fforms.gle%2FctbSood9sPjq7zhi9%3Ffbclid%3DIwZXh0bgNhZW0CMTAAAR3QQx23Ud2hT3xR7kzF-CEytStbr7xS8RppJx4m2J4KKEFoJ8gd31HHHmI_aem_TenYKIKbGfYUc0NwaX1esQ&amp;h=AT29fle9SEeZytQ41wV15R3jatHPBwS53PoDO8akPIxsosRxXcfiZJp4kq4z8q59m_Z6ikTWtFw8SlnzirECc4Yv0L1NW3eI_hdh5bFikud79Ex2_B1VbUPGp6wyJl2WGwAy&amp;__tn__=q&amp;c[0]=AT29kLNH1uaQT-p5-tf-UKT1srSr6wHLNgZ2rkdE7Ox2pEu99_4YBXCTCMSNR0rGg_cP6Sm5AnhwRMGqAbBkwBmOZm6HJ1qYZaN_MU8RdvhFU2lqxmAfkAcShRXNn1pbsmIOMePbz_K4zASmqXeHreUWRZriLGu1Q_FkHQ71ZQkVzdBYyGbU\" target=\"_blank\" rel=\"nofollow noopener noreferrer\">https:\/\/forms.gle\/ctbSood9sPjq7zhi9<\/a><\/div>\n","protected":false},"excerpt":{"rendered":"<p>EC4RURAL projekti raames kutsume k\u00f5iki maapiirkonna energiakogukondade loomisest huvitatud inimesi [&hellip;]<\/p>\n","protected":false},"author":2,"featured_media":3496,"comment_status":"closed","ping_status":"closed","template":"","meta":{"_tribe_events_status":"","_tribe_events_status_reason":"","footnotes":""},"tags":[],"tribe_events_cat":[],"yoast_head":"<!-- This site is optimized with the Yoast SEO plugin v23.8 - https:\/\/yoast.com\/wordpress\/plugins\/seo\/ -->\n<title>INSPIREERIV JA ELAMUSLIK \u00dcRITUS TIKUPOISS, EESTI - EC4RURAL<\/title>\n<meta name=\"robots\" content=\"index, follow, max-snippet:-1, max-image-preview:large, max-video-preview:-1\" \/>\n<link rel=\"canonical\" href=\"https:\/\/ec4rural.webs.uvigo.gal\/et\/event\/inspireeriv-ja-elamuslik-uritus-tikupoiss-eesti\/\" \/>\n<meta property=\"og:locale\" content=\"et_EE\" \/>\n<meta property=\"og:type\" content=\"article\" \/>\n<meta property=\"og:title\" content=\"INSPIREERIV JA ELAMUSLIK \u00dcRITUS TIKUPOISS, EESTI - EC4RURAL\" \/>\n<meta property=\"og:description\" content=\"EC4RURAL projekti raames kutsume k\u00f5iki maapiirkonna energiakogukondade loomisest huvitatud inimesi [&hellip;]\" \/>\n<meta property=\"og:url\" content=\"https:\/\/ec4rural.webs.uvigo.gal\/et\/event\/inspireeriv-ja-elamuslik-uritus-tikupoiss-eesti\/\" \/>\n<meta property=\"og:site_name\" content=\"EC4RURAL\" \/>\n<meta property=\"article:modified_time\" content=\"2024-07-10T12:45:48+00:00\" \/>\n<meta property=\"og:image\" content=\"https:\/\/ec4rural.webs.uvigo.gal\/wp-content\/uploads\/2024\/07\/EC4RURAL_Tikupoiss-e1720615319994.png\" \/>\n\t<meta property=\"og:image:width\" content=\"1443\" \/>\n\t<meta property=\"og:image:height\" content=\"814\" \/>\n\t<meta property=\"og:image:type\" content=\"image\/png\" \/>\n<meta name=\"twitter:card\" content=\"summary_large_image\" \/>\n<meta name=\"twitter:label1\" content=\"Est. reading time\" \/>\n\t<meta name=\"twitter:data1\" content=\"1 minut\" \/>\n<script type=\"application\/ld+json\" class=\"yoast-schema-graph\">{\"@context\":\"https:\/\/schema.org\",\"@graph\":[{\"@type\":\"WebPage\",\"@id\":\"https:\/\/ec4rural.webs.uvigo.gal\/et\/event\/inspireeriv-ja-elamuslik-uritus-tikupoiss-eesti\/\",\"url\":\"https:\/\/ec4rural.webs.uvigo.gal\/et\/event\/inspireeriv-ja-elamuslik-uritus-tikupoiss-eesti\/\",\"name\":\"INSPIREERIV JA ELAMUSLIK \u00dcRITUS TIKUPOISS, EESTI - EC4RURAL\",\"isPartOf\":{\"@id\":\"https:\/\/ec4rural.webs.uvigo.gal\/et\/#website\"},\"primaryImageOfPage\":{\"@id\":\"https:\/\/ec4rural.webs.uvigo.gal\/et\/event\/inspireeriv-ja-elamuslik-uritus-tikupoiss-eesti\/#primaryimage\"},\"image\":{\"@id\":\"https:\/\/ec4rural.webs.uvigo.gal\/et\/event\/inspireeriv-ja-elamuslik-uritus-tikupoiss-eesti\/#primaryimage\"},\"thumbnailUrl\":\"https:\/\/ec4rural.webs.uvigo.gal\/wp-content\/uploads\/2024\/07\/EC4RURAL_Tikupoiss-e1720615319994.png\",\"datePublished\":\"2024-07-10T12:42:35+00:00\",\"dateModified\":\"2024-07-10T12:45:48+00:00\",\"breadcrumb\":{\"@id\":\"https:\/\/ec4rural.webs.uvigo.gal\/et\/event\/inspireeriv-ja-elamuslik-uritus-tikupoiss-eesti\/#breadcrumb\"},\"inLanguage\":\"et\",\"potentialAction\":[{\"@type\":\"ReadAction\",\"target\":[\"https:\/\/ec4rural.webs.uvigo.gal\/et\/event\/inspireeriv-ja-elamuslik-uritus-tikupoiss-eesti\/\"]}]},{\"@type\":\"ImageObject\",\"inLanguage\":\"et\",\"@id\":\"https:\/\/ec4rural.webs.uvigo.gal\/et\/event\/inspireeriv-ja-elamuslik-uritus-tikupoiss-eesti\/#primaryimage\",\"url\":\"https:\/\/ec4rural.webs.uvigo.gal\/wp-content\/uploads\/2024\/07\/EC4RURAL_Tikupoiss-e1720615319994.png\",\"contentUrl\":\"https:\/\/ec4rural.webs.uvigo.gal\/wp-content\/uploads\/2024\/07\/EC4RURAL_Tikupoiss-e1720615319994.png\",\"width\":1443,\"height\":814},{\"@type\":\"BreadcrumbList\",\"@id\":\"https:\/\/ec4rural.webs.uvigo.gal\/et\/event\/inspireeriv-ja-elamuslik-uritus-tikupoiss-eesti\/#breadcrumb\",\"itemListElement\":[{\"@type\":\"ListItem\",\"position\":1,\"name\":\"Portada\",\"item\":\"https:\/\/ec4rural.webs.uvigo.gal\/et\/\"},{\"@type\":\"ListItem\",\"position\":2,\"name\":\"Events\",\"item\":\"https:\/\/ec4rural.webs.uvigo.gal\/et\/events\/\"},{\"@type\":\"ListItem\",\"position\":3,\"name\":\"INSPIREERIV JA ELAMUSLIK \u00dcRITUS TIKUPOISS, EESTI\"}]},{\"@type\":\"WebSite\",\"@id\":\"https:\/\/ec4rural.webs.uvigo.gal\/et\/#website\",\"url\":\"https:\/\/ec4rural.webs.uvigo.gal\/et\/\",\"name\":\"EC4RURAL\",\"description\":\"\",\"potentialAction\":[{\"@type\":\"SearchAction\",\"target\":{\"@type\":\"EntryPoint\",\"urlTemplate\":\"https:\/\/ec4rural.webs.uvigo.gal\/et\/?s={search_term_string}\"},\"query-input\":{\"@type\":\"PropertyValueSpecification\",\"valueRequired\":true,\"valueName\":\"search_term_string\"}}],\"inLanguage\":\"et\"}]}<\/script>\n<!-- \/ Yoast SEO plugin. -->","yoast_head_json":{"title":"INSPIREERIV JA ELAMUSLIK \u00dcRITUS TIKUPOISS, EESTI - EC4RURAL","robots":{"index":"index","follow":"follow","max-snippet":"max-snippet:-1","max-image-preview":"max-image-preview:large","max-video-preview":"max-video-preview:-1"},"canonical":"https:\/\/ec4rural.webs.uvigo.gal\/et\/event\/inspireeriv-ja-elamuslik-uritus-tikupoiss-eesti\/","og_locale":"et_EE","og_type":"article","og_title":"INSPIREERIV JA ELAMUSLIK \u00dcRITUS TIKUPOISS, EESTI - EC4RURAL","og_description":"EC4RURAL projekti raames kutsume k\u00f5iki maapiirkonna energiakogukondade loomisest huvitatud inimesi [&hellip;]","og_url":"https:\/\/ec4rural.webs.uvigo.gal\/et\/event\/inspireeriv-ja-elamuslik-uritus-tikupoiss-eesti\/","og_site_name":"EC4RURAL","article_modified_time":"2024-07-10T12:45:48+00:00","og_image":[{"width":1443,"height":814,"url":"https:\/\/ec4rural.webs.uvigo.gal\/wp-content\/uploads\/2024\/07\/EC4RURAL_Tikupoiss-e1720615319994.png","type":"image\/png"}],"twitter_card":"summary_large_image","twitter_misc":{"Est. reading time":"1 minut"},"schema":{"@context":"https:\/\/schema.org","@graph":[{"@type":"WebPage","@id":"https:\/\/ec4rural.webs.uvigo.gal\/et\/event\/inspireeriv-ja-elamuslik-uritus-tikupoiss-eesti\/","url":"https:\/\/ec4rural.webs.uvigo.gal\/et\/event\/inspireeriv-ja-elamuslik-uritus-tikupoiss-eesti\/","name":"INSPIREERIV JA ELAMUSLIK \u00dcRITUS TIKUPOISS, EESTI - EC4RURAL","isPartOf":{"@id":"https:\/\/ec4rural.webs.uvigo.gal\/et\/#website"},"primaryImageOfPage":{"@id":"https:\/\/ec4rural.webs.uvigo.gal\/et\/event\/inspireeriv-ja-elamuslik-uritus-tikupoiss-eesti\/#primaryimage"},"image":{"@id":"https:\/\/ec4rural.webs.uvigo.gal\/et\/event\/inspireeriv-ja-elamuslik-uritus-tikupoiss-eesti\/#primaryimage"},"thumbnailUrl":"https:\/\/ec4rural.webs.uvigo.gal\/wp-content\/uploads\/2024\/07\/EC4RURAL_Tikupoiss-e1720615319994.png","datePublished":"2024-07-10T12:42:35+00:00","dateModified":"2024-07-10T12:45:48+00:00","breadcrumb":{"@id":"https:\/\/ec4rural.webs.uvigo.gal\/et\/event\/inspireeriv-ja-elamuslik-uritus-tikupoiss-eesti\/#breadcrumb"},"inLanguage":"et","potentialAction":[{"@type":"ReadAction","target":["https:\/\/ec4rural.webs.uvigo.gal\/et\/event\/inspireeriv-ja-elamuslik-uritus-tikupoiss-eesti\/"]}]},{"@type":"ImageObject","inLanguage":"et","@id":"https:\/\/ec4rural.webs.uvigo.gal\/et\/event\/inspireeriv-ja-elamuslik-uritus-tikupoiss-eesti\/#primaryimage","url":"https:\/\/ec4rural.webs.uvigo.gal\/wp-content\/uploads\/2024\/07\/EC4RURAL_Tikupoiss-e1720615319994.png","contentUrl":"https:\/\/ec4rural.webs.uvigo.gal\/wp-content\/uploads\/2024\/07\/EC4RURAL_Tikupoiss-e1720615319994.png","width":1443,"height":814},{"@type":"BreadcrumbList","@id":"https:\/\/ec4rural.webs.uvigo.gal\/et\/event\/inspireeriv-ja-elamuslik-uritus-tikupoiss-eesti\/#breadcrumb","itemListElement":[{"@type":"ListItem","position":1,"name":"Portada","item":"https:\/\/ec4rural.webs.uvigo.gal\/et\/"},{"@type":"ListItem","position":2,"name":"Events","item":"https:\/\/ec4rural.webs.uvigo.gal\/et\/events\/"},{"@type":"ListItem","position":3,"name":"INSPIREERIV JA ELAMUSLIK \u00dcRITUS TIKUPOISS, EESTI"}]},{"@type":"WebSite","@id":"https:\/\/ec4rural.webs.uvigo.gal\/et\/#website","url":"https:\/\/ec4rural.webs.uvigo.gal\/et\/","name":"EC4RURAL","description":"","potentialAction":[{"@type":"SearchAction","target":{"@type":"EntryPoint","urlTemplate":"https:\/\/ec4rural.webs.uvigo.gal\/et\/?s={search_term_string}"},"query-input":{"@type":"PropertyValueSpecification","valueRequired":true,"valueName":"search_term_string"}}],"inLanguage":"et"}]}},"_links":{"self":[{"href":"https:\/\/ec4rural.webs.uvigo.gal\/et\/wp-json\/wp\/v2\/tribe_events\/3500"}],"collection":[{"href":"https:\/\/ec4rural.webs.uvigo.gal\/et\/wp-json\/wp\/v2\/tribe_events"}],"about":[{"href":"https:\/\/ec4rural.webs.uvigo.gal\/et\/wp-json\/wp\/v2\/types\/tribe_events"}],"author":[{"embeddable":true,"href":"https:\/\/ec4rural.webs.uvigo.gal\/et\/wp-json\/wp\/v2\/users\/2"}],"replies":[{"embeddable":true,"href":"https:\/\/ec4rural.webs.uvigo.gal\/et\/wp-json\/wp\/v2\/comments?post=3500"}],"version-history":[{"count":1,"href":"https:\/\/ec4rural.webs.uvigo.gal\/et\/wp-json\/wp\/v2\/tribe_events\/3500\/revisions"}],"predecessor-version":[{"id":3502,"href":"https:\/\/ec4rural.webs.uvigo.gal\/et\/wp-json\/wp\/v2\/tribe_events\/3500\/revisions\/3502"}],"wp:featuredmedia":[{"embeddable":true,"href":"https:\/\/ec4rural.webs.uvigo.gal\/et\/wp-json\/wp\/v2\/media\/3496"}],"wp:attachment":[{"href":"https:\/\/ec4rural.webs.uvigo.gal\/et\/wp-json\/wp\/v2\/media?parent=3500"}],"wp:term":[{"taxonomy":"post_tag","embeddable":true,"href":"https:\/\/ec4rural.webs.uvigo.gal\/et\/wp-json\/wp\/v2\/tags?post=3500"},{"taxonomy":"tribe_events_cat","embeddable":true,"href":"https:\/\/ec4rural.webs.uvigo.gal\/et\/wp-json\/wp\/v2\/tribe_events_cat?post=3500"}],"curies":[{"name":"wp","href":"https:\/\/api.w.org\/{rel}","templated":true}]}}